{"id":18198,"date":"2022-06-28T15:27:28","date_gmt":"2022-06-28T15:27:28","guid":{"rendered":"https:\/\/romanswinedanube.hu\/?post_type=cpt_portfolio&#038;p=18198"},"modified":"2025-07-17T13:02:04","modified_gmt":"2025-07-17T13:02:04","slug":"peter-pal-sirkamra","status":"publish","type":"cpt_portfolio","link":"https:\/\/romanswinedanube.hu\/en\/portfolio\/peter-pal-sirkamra\/","title":{"rendered":"Peter and Paul Tomb"},"content":{"rendered":"<h3 class=\"wp-block-heading\">Fine Art Gallery<\/h3>\n\n\n\n<p>At the Peter and Paul tomb, the walls of the northern apse and the buttressed sides of the upper tomb chapel can still be observed. In front of it there was once a portico resting on four columns, similar to tomb V. Rarely, the tomb also has a small vestibule. There were also some wall paintings, such as a fragment of a candelabrum, but unfortunately these could not be saved.&nbsp;<\/p>\n\n\n\n<p>On the lower level of the exhibition, at the back, on the left, you can enter the showroom under the Peter and Paul tomb (the very small size of the tomb prevents us from seeing the interior in all its beauty). Looking up, you can admire an internationally outstanding example of 4th century Early Christian wall painting - unfortunately only fragmentary here and there.<\/p>\n\n\n\n<figure class=\"wp-block-gallery has-nested-images columns-default is-cropped wp-block-gallery-1 is-layout-flex wp-block-gallery-is-layout-flex\">\n<figure class=\"wp-block-image size-full\"><img fetchpriority=\"high\" decoding=\"async\" width=\"1500\" height=\"1000\" data-id=\"20463\" src=\"https:\/\/romanswinedanube.hu\/wp-content\/uploads\/2022\/06\/peter-pal.jpg\" alt=\"\" class=\"wp-image-20463\" srcset=\"https:\/\/romanswinedanube.hu\/wp-content\/uploads\/2022\/06\/peter-pal.jpg 1500w, https:\/\/romanswinedanube.hu\/wp-content\/uploads\/2022\/06\/peter-pal-300x200.jpg 300w, https:\/\/romanswinedanube.hu\/wp-content\/uploads\/2022\/06\/peter-pal-1024x683.jpg 1024w, https:\/\/romanswinedanube.hu\/wp-content\/uploads\/2022\/06\/peter-pal-768x512.jpg 768w, https:\/\/romanswinedanube.hu\/wp-content\/uploads\/2022\/06\/peter-pal-370x247.jpg 370w, https:\/\/romanswinedanube.hu\/wp-content\/uploads\/2022\/06\/peter-pal-840x560.jpg 840w, https:\/\/romanswinedanube.hu\/wp-content\/uploads\/2022\/06\/peter-pal-410x273.jpg 410w\" sizes=\"(max-width: 1500px) 100vw, 1500px\" \/><\/figure>\n<\/figure>\n\n\n\n<figure class=\"wp-block-gallery has-nested-images columns-default is-cropped wp-block-gallery-2 is-layout-flex wp-block-gallery-is-layout-flex\">\n<figure class=\"wp-block-image size-large\"><img decoding=\"async\" width=\"1024\" height=\"683\" data-id=\"20462\" src=\"https:\/\/romanswinedanube.hu\/wp-content\/uploads\/2022\/06\/vilagorokseg3-1-1024x683.png\" alt=\"\" class=\"wp-image-20462\" srcset=\"https:\/\/romanswinedanube.hu\/wp-content\/uploads\/2022\/06\/vilagorokseg3-1-1024x683.png 1024w, https:\/\/romanswinedanube.hu\/wp-content\/uploads\/2022\/06\/vilagorokseg3-1-300x200.png 300w, https:\/\/romanswinedanube.hu\/wp-content\/uploads\/2022\/06\/vilagorokseg3-1-768x512.png 768w, https:\/\/romanswinedanube.hu\/wp-content\/uploads\/2022\/06\/vilagorokseg3-1-370x247.png 370w, https:\/\/romanswinedanube.hu\/wp-content\/uploads\/2022\/06\/vilagorokseg3-1-840x560.png 840w, https:\/\/romanswinedanube.hu\/wp-content\/uploads\/2022\/06\/vilagorokseg3-1-410x273.png 410w, https:\/\/romanswinedanube.hu\/wp-content\/uploads\/2022\/06\/vilagorokseg3-1.png 1500w\" sizes=\"(max-width: 1024px) 100vw, 1024px\" \/><\/figure>\n<\/figure>","protected":false},"excerpt":{"rendered":"<p>Tomb No. I or \"Peter and Paul\" is the first of the tombs to have been spared over the centuries. It was discovered in the 1780s while preparing the construction of the future Chapter Archives. Its tomb is painted and boasts the most beautiful series of frescoes of any building in Sopianae.<\/p>","protected":false},"author":1,"featured_media":20332,"comment_status":"closed","ping_status":"closed","template":"","cpt_portfolio_group":[97],"class_list":["post-18198","cpt_portfolio","type-cpt_portfolio","status-publish","has-post-thumbnail","hentry","cpt_portfolio_group-vilagorokseg"],"yoast_head":"<!-- This site is optimized with the Yoast SEO Premium plugin v25.4 (Yoast SEO v25.6) - https:\/\/yoast.com\/wordpress\/plugins\/seo\/ -->\n<title>P\u00e9ter-P\u00e1l S\u00edrkamra - Romanswinedanube.hu<\/title>\n<meta name=\"robots\" content=\"index, follow, max-snippet:-1, max-image-preview:large, max-video-preview:-1\" \/>\n<link rel=\"canonical\" href=\"https:\/\/romanswinedanube.hu\/en\/portfolio\/peter-pal-sirkamra\/\" \/>\n<meta property=\"og:locale\" content=\"en_GB\" \/>\n<meta property=\"og:type\" content=\"article\" \/>\n<meta property=\"og:title\" content=\"P\u00e9ter-P\u00e1l S\u00edrkamra\" \/>\n<meta property=\"og:description\" content=\"Az I. sz\u00e1m\u00fa vagy \u201cP\u00e9ter-P\u00e1l\u201d s\u00edrkamra az els\u0151 azok k\u00f6z\u00fcl, amelyeket megk\u00edm\u00e9ltek a sz\u00e1zadok. Az 1780-as \u00e9vekben bukkantak r\u00e1, mik\u00f6zben a k\u00e9s\u0151bbi K\u00e1ptalani Lev\u00e9lt\u00e1r \u00e9p\u00edtkez\u00e9s\u00e9t k\u00e9sz\u00edtett\u00e9k el\u0151. S\u00edrkamr\u00e1ja festett \u00e9s a sopianaei \u00e9p\u00fcletek k\u00f6z\u00fcl a leggy\u00f6ny\u00f6r\u0171bb fresk\u00f3sorozattal b\u00fcszk\u00e9lkedik.\" \/>\n<meta property=\"og:url\" content=\"https:\/\/romanswinedanube.hu\/en\/portfolio\/peter-pal-sirkamra\/\" \/>\n<meta property=\"og:site_name\" content=\"Romanswinedanube.hu\" \/>\n<meta property=\"article:publisher\" content=\"https:\/\/www.facebook.com\/romaifesztival\" \/>\n<meta property=\"article:modified_time\" content=\"2025-07-17T13:02:04+00:00\" \/>\n<meta property=\"og:image\" content=\"https:\/\/romanswinedanube.hu\/wp-content\/uploads\/2025\/07\/vilagorokseg3-1.png\" \/>\n\t<meta property=\"og:image:width\" content=\"1500\" \/>\n\t<meta property=\"og:image:height\" content=\"1000\" \/>\n\t<meta property=\"og:image:type\" content=\"image\/png\" \/>\n<meta name=\"twitter:card\" content=\"summary_large_image\" \/>\n<meta name=\"twitter:label1\" content=\"Estimated reading time\" \/>\n\t<meta name=\"twitter:data1\" content=\"1 minute\" \/>\n<script type=\"application\/ld+json\" class=\"yoast-schema-graph\">{\"@context\":\"https:\/\/schema.org\",\"@graph\":[{\"@type\":\"WebPage\",\"@id\":\"https:\/\/romanswinedanube.hu\/portfolio\/peter-pal-sirkamra\/\",\"url\":\"https:\/\/romanswinedanube.hu\/portfolio\/peter-pal-sirkamra\/\",\"name\":\"P\u00e9ter-P\u00e1l S\u00edrkamra - Romanswinedanube.hu\",\"isPartOf\":{\"@id\":\"https:\/\/romanswinedanube.hu\/#website\"},\"primaryImageOfPage\":{\"@id\":\"https:\/\/romanswinedanube.hu\/portfolio\/peter-pal-sirkamra\/#primaryimage\"},\"image\":{\"@id\":\"https:\/\/romanswinedanube.hu\/portfolio\/peter-pal-sirkamra\/#primaryimage\"},\"thumbnailUrl\":\"https:\/\/romanswinedanube.hu\/wp-content\/uploads\/2025\/07\/vilagorokseg3-1.png\",\"datePublished\":\"2022-06-28T15:27:28+00:00\",\"dateModified\":\"2025-07-17T13:02:04+00:00\",\"breadcrumb\":{\"@id\":\"https:\/\/romanswinedanube.hu\/portfolio\/peter-pal-sirkamra\/#breadcrumb\"},\"inLanguage\":\"en-GB\",\"potentialAction\":[{\"@type\":\"ReadAction\",\"target\":[\"https:\/\/romanswinedanube.hu\/portfolio\/peter-pal-sirkamra\/\"]}]},{\"@type\":\"ImageObject\",\"inLanguage\":\"en-GB\",\"@id\":\"https:\/\/romanswinedanube.hu\/portfolio\/peter-pal-sirkamra\/#primaryimage\",\"url\":\"https:\/\/romanswinedanube.hu\/wp-content\/uploads\/2025\/07\/vilagorokseg3-1.png\",\"contentUrl\":\"https:\/\/romanswinedanube.hu\/wp-content\/uploads\/2025\/07\/vilagorokseg3-1.png\",\"width\":1500,\"height\":1000},{\"@type\":\"BreadcrumbList\",\"@id\":\"https:\/\/romanswinedanube.hu\/portfolio\/peter-pal-sirkamra\/#breadcrumb\",\"itemListElement\":[{\"@type\":\"ListItem\",\"position\":1,\"name\":\"Kezd\u0151lap\",\"item\":\"https:\/\/romanswinedanube.hu\/\"},{\"@type\":\"ListItem\",\"position\":2,\"name\":\"Portfolio\",\"item\":\"https:\/\/romanswinedanube.hu\/portfolio\/\"},{\"@type\":\"ListItem\",\"position\":3,\"name\":\"P\u00e9ter-P\u00e1l S\u00edrkamra\"}]},{\"@type\":\"WebSite\",\"@id\":\"https:\/\/romanswinedanube.hu\/#website\",\"url\":\"https:\/\/romanswinedanube.hu\/\",\"name\":\"Romanswinedanube.hu\",\"description\":\"R\u00f3mai fesztiv\u00e1l P\u00e9cs\",\"publisher\":{\"@id\":\"https:\/\/romanswinedanube.hu\/#organization\"},\"potentialAction\":[{\"@type\":\"SearchAction\",\"target\":{\"@type\":\"EntryPoint\",\"urlTemplate\":\"https:\/\/romanswinedanube.hu\/?s={search_term_string}\"},\"query-input\":{\"@type\":\"PropertyValueSpecification\",\"valueRequired\":true,\"valueName\":\"search_term_string\"}}],\"inLanguage\":\"en-GB\"},{\"@type\":\"Organization\",\"@id\":\"https:\/\/romanswinedanube.hu\/#organization\",\"name\":\"R\u00f3mai Fesztiv\u00e1l P\u00e9cs\",\"url\":\"https:\/\/romanswinedanube.hu\/\",\"logo\":{\"@type\":\"ImageObject\",\"inLanguage\":\"en-GB\",\"@id\":\"https:\/\/romanswinedanube.hu\/#\/schema\/logo\/image\/\",\"url\":\"https:\/\/romanswinedanube.hu\/wp-content\/uploads\/2025\/07\/cropped-0_Logo_Route-1.png\",\"contentUrl\":\"https:\/\/romanswinedanube.hu\/wp-content\/uploads\/2025\/07\/cropped-0_Logo_Route-1.png\",\"width\":1121,\"height\":1271,\"caption\":\"R\u00f3mai Fesztiv\u00e1l P\u00e9cs\"},\"image\":{\"@id\":\"https:\/\/romanswinedanube.hu\/#\/schema\/logo\/image\/\"},\"sameAs\":[\"https:\/\/www.facebook.com\/romaifesztival\"]}]}<\/script>\n<!-- \/ Yoast SEO Premium plugin. -->","yoast_head_json":{"title":"P\u00e9ter-P\u00e1l S\u00edrkamra - Romanswinedanube.hu","robots":{"index":"index","follow":"follow","max-snippet":"max-snippet:-1","max-image-preview":"max-image-preview:large","max-video-preview":"max-video-preview:-1"},"canonical":"https:\/\/romanswinedanube.hu\/en\/portfolio\/peter-pal-sirkamra\/","og_locale":"en_GB","og_type":"article","og_title":"P\u00e9ter-P\u00e1l S\u00edrkamra","og_description":"Az I. sz\u00e1m\u00fa vagy \u201cP\u00e9ter-P\u00e1l\u201d s\u00edrkamra az els\u0151 azok k\u00f6z\u00fcl, amelyeket megk\u00edm\u00e9ltek a sz\u00e1zadok. Az 1780-as \u00e9vekben bukkantak r\u00e1, mik\u00f6zben a k\u00e9s\u0151bbi K\u00e1ptalani Lev\u00e9lt\u00e1r \u00e9p\u00edtkez\u00e9s\u00e9t k\u00e9sz\u00edtett\u00e9k el\u0151. S\u00edrkamr\u00e1ja festett \u00e9s a sopianaei \u00e9p\u00fcletek k\u00f6z\u00fcl a leggy\u00f6ny\u00f6r\u0171bb fresk\u00f3sorozattal b\u00fcszk\u00e9lkedik.","og_url":"https:\/\/romanswinedanube.hu\/en\/portfolio\/peter-pal-sirkamra\/","og_site_name":"Romanswinedanube.hu","article_publisher":"https:\/\/www.facebook.com\/romaifesztival","article_modified_time":"2025-07-17T13:02:04+00:00","og_image":[{"width":1500,"height":1000,"url":"https:\/\/romanswinedanube.hu\/wp-content\/uploads\/2025\/07\/vilagorokseg3-1.png","type":"image\/png"}],"twitter_card":"summary_large_image","twitter_misc":{"Estimated reading time":"1 minute"},"schema":{"@context":"https:\/\/schema.org","@graph":[{"@type":"WebPage","@id":"https:\/\/romanswinedanube.hu\/portfolio\/peter-pal-sirkamra\/","url":"https:\/\/romanswinedanube.hu\/portfolio\/peter-pal-sirkamra\/","name":"P\u00e9ter-P\u00e1l S\u00edrkamra - Romanswinedanube.hu","isPartOf":{"@id":"https:\/\/romanswinedanube.hu\/#website"},"primaryImageOfPage":{"@id":"https:\/\/romanswinedanube.hu\/portfolio\/peter-pal-sirkamra\/#primaryimage"},"image":{"@id":"https:\/\/romanswinedanube.hu\/portfolio\/peter-pal-sirkamra\/#primaryimage"},"thumbnailUrl":"https:\/\/romanswinedanube.hu\/wp-content\/uploads\/2025\/07\/vilagorokseg3-1.png","datePublished":"2022-06-28T15:27:28+00:00","dateModified":"2025-07-17T13:02:04+00:00","breadcrumb":{"@id":"https:\/\/romanswinedanube.hu\/portfolio\/peter-pal-sirkamra\/#breadcrumb"},"inLanguage":"en-GB","potentialAction":[{"@type":"ReadAction","target":["https:\/\/romanswinedanube.hu\/portfolio\/peter-pal-sirkamra\/"]}]},{"@type":"ImageObject","inLanguage":"en-GB","@id":"https:\/\/romanswinedanube.hu\/portfolio\/peter-pal-sirkamra\/#primaryimage","url":"https:\/\/romanswinedanube.hu\/wp-content\/uploads\/2025\/07\/vilagorokseg3-1.png","contentUrl":"https:\/\/romanswinedanube.hu\/wp-content\/uploads\/2025\/07\/vilagorokseg3-1.png","width":1500,"height":1000},{"@type":"BreadcrumbList","@id":"https:\/\/romanswinedanube.hu\/portfolio\/peter-pal-sirkamra\/#breadcrumb","itemListElement":[{"@type":"ListItem","position":1,"name":"Kezd\u0151lap","item":"https:\/\/romanswinedanube.hu\/"},{"@type":"ListItem","position":2,"name":"Portfolio","item":"https:\/\/romanswinedanube.hu\/portfolio\/"},{"@type":"ListItem","position":3,"name":"P\u00e9ter-P\u00e1l S\u00edrkamra"}]},{"@type":"WebSite","@id":"https:\/\/romanswinedanube.hu\/#website","url":"https:\/\/romanswinedanube.hu\/","name":"Romanswinedanube.hu","description":"Roman Festival P\u00e9cs","publisher":{"@id":"https:\/\/romanswinedanube.hu\/#organization"},"potentialAction":[{"@type":"SearchAction","target":{"@type":"EntryPoint","urlTemplate":"https:\/\/romanswinedanube.hu\/?s={search_term_string}"},"query-input":{"@type":"PropertyValueSpecification","valueRequired":true,"valueName":"search_term_string"}}],"inLanguage":"en-GB"},{"@type":"Organization","@id":"https:\/\/romanswinedanube.hu\/#organization","name":"Roman Festival P\u00e9cs","url":"https:\/\/romanswinedanube.hu\/","logo":{"@type":"ImageObject","inLanguage":"en-GB","@id":"https:\/\/romanswinedanube.hu\/#\/schema\/logo\/image\/","url":"https:\/\/romanswinedanube.hu\/wp-content\/uploads\/2025\/07\/cropped-0_Logo_Route-1.png","contentUrl":"https:\/\/romanswinedanube.hu\/wp-content\/uploads\/2025\/07\/cropped-0_Logo_Route-1.png","width":1121,"height":1271,"caption":"R\u00f3mai Fesztiv\u00e1l P\u00e9cs"},"image":{"@id":"https:\/\/romanswinedanube.hu\/#\/schema\/logo\/image\/"},"sameAs":["https:\/\/www.facebook.com\/romaifesztival"]}]}},"_links":{"self":[{"href":"https:\/\/romanswinedanube.hu\/en\/wp-json\/wp\/v2\/cpt_portfolio\/18198","targetHints":{"allow":["GET"]}}],"collection":[{"href":"https:\/\/romanswinedanube.hu\/en\/wp-json\/wp\/v2\/cpt_portfolio"}],"about":[{"href":"https:\/\/romanswinedanube.hu\/en\/wp-json\/wp\/v2\/types\/cpt_portfolio"}],"author":[{"embeddable":true,"href":"https:\/\/romanswinedanube.hu\/en\/wp-json\/wp\/v2\/users\/1"}],"replies":[{"embeddable":true,"href":"https:\/\/romanswinedanube.hu\/en\/wp-json\/wp\/v2\/comments?post=18198"}],"wp:featuredmedia":[{"embeddable":true,"href":"https:\/\/romanswinedanube.hu\/en\/wp-json\/wp\/v2\/media\/20332"}],"wp:attachment":[{"href":"https:\/\/romanswinedanube.hu\/en\/wp-json\/wp\/v2\/media?parent=18198"}],"wp:term":[{"taxonomy":"cpt_portfolio_group","embeddable":true,"href":"https:\/\/romanswinedanube.hu\/en\/wp-json\/wp\/v2\/cpt_portfolio_group?post=18198"}],"curies":[{"name":"wp","href":"https:\/\/api.w.org\/{rel}","templated":true}]}}