{"id":18382,"date":"2022-07-01T10:01:34","date_gmt":"2022-07-01T10:01:34","guid":{"rendered":"https:\/\/romanswinedanube.hu\/?post_type=cpt_portfolio&#038;p=18382"},"modified":"2025-07-29T19:37:37","modified_gmt":"2025-07-29T19:37:37","slug":"arnyekszinhaz","status":"publish","type":"cpt_portfolio","link":"https:\/\/romanswinedanube.hu\/en\/portfolio\/arnyekszinhaz\/","title":{"rendered":"Shadow Theatre"},"content":{"rendered":"<h5 class=\"wp-block-heading\">Aelia \u00e9s a Nap L\u00e1d\u00e1ja<\/h5>\n\n\n\n<p>&nbsp;\"Aelia and the Ark of the Sun\" is a special adventure story that takes children through three exciting challenges at the World Heritage sites of P\u00e9cs. According to the story, Tenebrus, the spirit of darkness, has kidnapped the Sun and locked it in an iron chest - Aelia, the brave Roman girl, can only free it with the help of children!<\/p>\n\n\n\n<p>The mission is interactive, taking you from location to location, with live actors, playful rehearsals and creative challenges. At the World Heritage sites, moderators will help the little adventurers to solve the puzzles and move the story forward.<\/p>\n\n\n\n<p>The adventure will be accompanied by the Sopianae Roman Walk app, where children can find the locations and download some of the tasks to enrich the experience.<\/p>\n\n\n\n<div class=\"wp-block-columns is-layout-flex wp-container-core-columns-is-layout-9d6595d7 wp-block-columns-is-layout-flex\">\n<div class=\"wp-block-column is-layout-flow wp-block-column-is-layout-flow\">\n<p><\/p>\n\n\n\n<h4 class=\"wp-block-heading\">Mi\u00e9rt \u00e1rny\u00e9ksz\u00ednh\u00e1z?<\/h4>\n\n\n\n<p><strong>Var\u00e1zslat, sz\u00ednh\u00e1z<br><\/strong> Az \u00e1rnyj\u00e1t\u00e9k a f\u00e9ny \u00e9s s\u00f6t\u00e9ts\u00e9g j\u00e1t\u00e9k\u00e1b\u00f3l \u00e1ll, ami a mese alapja is. A nap, a vil\u00e1goss\u00e1g, az \u00e9let \u00e9s a s\u00f6t\u00e9ts\u00e9g, pusztul\u00e1s kontrasztja jelenik meg szimbolikusan. Egy olyan var\u00e1zslatos vil\u00e1got teremt meg, amely k\u00f6nnyed\u00e9n lek\u00f6ti a gyerekek figyelm\u00e9t. A kontrasztos form\u00e1k \u00e9s mozg\u00e1sok beind\u00edtj\u00e1k a k\u00e9pzeletet \u2013 minden \u00e1rny\u00e9k, minden figura egy \u00fajabb lehet\u0151s\u00e9g a t\u00f6ret\u00e9net folytat\u00e1s\u00e1ra.<\/p>\n\n\n\n<figure class=\"wp-block-image size-full is-resized\"><img fetchpriority=\"high\" decoding=\"async\" width=\"800\" height=\"828\" src=\"https:\/\/romanswinedanube.hu\/wp-content\/uploads\/2022\/07\/csoportkep.png\" alt=\"\" class=\"wp-image-20676\" style=\"width:562px;height:auto\" srcset=\"https:\/\/romanswinedanube.hu\/wp-content\/uploads\/2022\/07\/csoportkep.png 800w, https:\/\/romanswinedanube.hu\/wp-content\/uploads\/2022\/07\/csoportkep-290x300.png 290w, https:\/\/romanswinedanube.hu\/wp-content\/uploads\/2022\/07\/csoportkep-768x795.png 768w, https:\/\/romanswinedanube.hu\/wp-content\/uploads\/2022\/07\/csoportkep-370x383.png 370w, https:\/\/romanswinedanube.hu\/wp-content\/uploads\/2022\/07\/csoportkep-410x424.png 410w\" sizes=\"(max-width: 800px) 100vw, 800px\" \/><\/figure>\n<\/div>\n<\/div>\n\n\n\n<p><strong>Alkot\u00e1s \u00e9s szerepj\u00e1t\u00e9k<\/strong><strong><br><\/strong> A gyerekek nemcsak n\u00e9z\u0151i, hanem <em>alkot\u00f3i<\/em> is a t\u00f6rt\u00e9netnek: kiv\u00e1ghatj\u00e1k a szerepl\u0151ket, mozgatj\u00e1k \u0151ket, ak\u00e1r saj\u00e1t p\u00e1rbesz\u00e9det is kital\u00e1lhatnak. Ez fejleszti a finommotorik\u00e1t, a t\u00f6rt\u00e9netalkot\u00e1si k\u00e9szs\u00e9get \u00e9s a kreativit\u00e1st.<br><\/p>\n\n\n\n<p><strong>Kis helyen, nagy \u00e9lm\u00e9ny<br><\/strong> A doboz kompakt, m\u00e9gis egy eg\u00e9sz sz\u00ednh\u00e1z elf\u00e9r benne. Egy otthoni l\u00e1mp\u00e1val vagy a telefon f\u00e9ny\u00e9vel  \u00e9letre kelthet\u0151 \u2013 nincs sz\u00fcks\u00e9g bonyolult technik\u00e1ra.<\/p>\n\n\n\n<h5 class=\"wp-block-heading\">Eduk\u00e1ci\u00f3<\/h5>\n\n\n\n<p>A gyerekek a pap\u00edrsz\u00ednh\u00e1z seg\u00edts\u00e9g\u00e9vel \u00e1t\u00e9lik a t\u00f6rt\u00e9netet \u2013 interakt\u00edvan, kreat\u00edvan. \u00cdgy az <strong>Aelia and the Ark of the Sun<\/strong> mese nem csup\u00e1n egy elmes\u00e9lt sztori marad, hanem szem\u00e9lyes \u00e9lm\u00e9nny\u00e9 v\u00e1lik. \u00a0A doboz tartalma (pap\u00edrb\u00f3l kiv\u00e1ghat\u00f3 h\u00e1tterek, karakterek, parav\u00e1n) lehet\u0151v\u00e9 teszi, hogy a gyerekek otthon is \u00fajra elj\u00e1tssz\u00e1k a t\u00f6rt\u00e9netet \u2013 \u00edgy a fesztiv\u00e1l\u00e9lm\u00e9ny tov\u00e1bb \u00e9l, a t\u00f6rt\u00e9net hazamegy vel\u00fck. Ez fenntartja az \u00e9rdekl\u0151d\u00e9st a r\u00f3mai \u00f6r\u00f6ks\u00e9g ir\u00e1nt hosszabb t\u00e1von is, j\u00e1tszva tan\u00edt. Egyszerre hagyom\u00e1ny\u0151rz\u0151 \u00e9s kreat\u00edv. A r\u00f3mai \u00f6r\u00f6ks\u00e9g \u00edgy nem poros m\u00fazeumi t\u00e1rgyk\u00e9nt, hanem \u00e9l\u0151, \u00fajraalkothat\u00f3 mesek\u00e9nt jelenik meg.<\/p>\n\n\n\n<p><\/p>","protected":false},"excerpt":{"rendered":"<p>Shadow theatre in a box. Free the box of the sun with Aeila and save the city of Sopianae.<\/p>","protected":false},"author":1,"featured_media":20453,"comment_status":"closed","ping_status":"closed","template":"","cpt_portfolio_group":[204],"class_list":["post-18382","cpt_portfolio","type-cpt_portfolio","status-publish","has-post-thumbnail","hentry","cpt_portfolio_group-termekfejlesztes"],"yoast_head":"<!-- This site is optimized with the Yoast SEO Premium plugin v25.4 (Yoast SEO v25.6) - https:\/\/yoast.com\/wordpress\/plugins\/seo\/ -->\n<title>\u00c1rny\u00e9ksz\u00ednh\u00e1z - Romanswinedanube.hu<\/title>\n<meta name=\"robots\" content=\"index, follow, max-snippet:-1, max-image-preview:large, max-video-preview:-1\" \/>\n<link rel=\"canonical\" href=\"https:\/\/romanswinedanube.hu\/en\/portfolio\/arnyekszinhaz\/\" \/>\n<meta property=\"og:locale\" content=\"en_GB\" \/>\n<meta property=\"og:type\" content=\"article\" \/>\n<meta property=\"og:title\" content=\"\u00c1rny\u00e9ksz\u00ednh\u00e1z\" \/>\n<meta property=\"og:description\" content=\"\u00c1rny\u00e9ksz\u00ednh\u00e1z dobozba z\u00e1rva. Szabad\u00edtsd ki a nap l\u00e1d\u00e1j\u00e1t Aeil\u00e1val, \u00e9s mentsd meg Sopianae v\u00e1ros\u00e1t.\" \/>\n<meta property=\"og:url\" content=\"https:\/\/romanswinedanube.hu\/en\/portfolio\/arnyekszinhaz\/\" \/>\n<meta property=\"og:site_name\" content=\"Romanswinedanube.hu\" \/>\n<meta property=\"article:publisher\" content=\"https:\/\/www.facebook.com\/romaifesztival\" \/>\n<meta property=\"article:modified_time\" content=\"2025-07-29T19:37:37+00:00\" \/>\n<meta property=\"og:image\" content=\"https:\/\/romanswinedanube.hu\/wp-content\/uploads\/2022\/07\/tenebrus-2-e1753696981463.png\" \/>\n\t<meta property=\"og:image:width\" content=\"800\" \/>\n\t<meta property=\"og:image:height\" content=\"1132\" \/>\n\t<meta property=\"og:image:type\" content=\"image\/png\" \/>\n<meta name=\"twitter:card\" content=\"summary_large_image\" \/>\n<meta name=\"twitter:label1\" content=\"Estimated reading time\" \/>\n\t<meta name=\"twitter:data1\" content=\"3 minutes\" \/>\n<script type=\"application\/ld+json\" class=\"yoast-schema-graph\">{\"@context\":\"https:\/\/schema.org\",\"@graph\":[{\"@type\":\"WebPage\",\"@id\":\"https:\/\/romanswinedanube.hu\/portfolio\/arnyekszinhaz\/\",\"url\":\"https:\/\/romanswinedanube.hu\/portfolio\/arnyekszinhaz\/\",\"name\":\"\u00c1rny\u00e9ksz\u00ednh\u00e1z - Romanswinedanube.hu\",\"isPartOf\":{\"@id\":\"https:\/\/romanswinedanube.hu\/#website\"},\"primaryImageOfPage\":{\"@id\":\"https:\/\/romanswinedanube.hu\/portfolio\/arnyekszinhaz\/#primaryimage\"},\"image\":{\"@id\":\"https:\/\/romanswinedanube.hu\/portfolio\/arnyekszinhaz\/#primaryimage\"},\"thumbnailUrl\":\"https:\/\/romanswinedanube.hu\/wp-content\/uploads\/2022\/07\/tenebrus-2-e1753696981463.png\",\"datePublished\":\"2022-07-01T10:01:34+00:00\",\"dateModified\":\"2025-07-29T19:37:37+00:00\",\"breadcrumb\":{\"@id\":\"https:\/\/romanswinedanube.hu\/portfolio\/arnyekszinhaz\/#breadcrumb\"},\"inLanguage\":\"en-GB\",\"potentialAction\":[{\"@type\":\"ReadAction\",\"target\":[\"https:\/\/romanswinedanube.hu\/portfolio\/arnyekszinhaz\/\"]}]},{\"@type\":\"ImageObject\",\"inLanguage\":\"en-GB\",\"@id\":\"https:\/\/romanswinedanube.hu\/portfolio\/arnyekszinhaz\/#primaryimage\",\"url\":\"https:\/\/romanswinedanube.hu\/wp-content\/uploads\/2022\/07\/tenebrus-2-e1753696981463.png\",\"contentUrl\":\"https:\/\/romanswinedanube.hu\/wp-content\/uploads\/2022\/07\/tenebrus-2-e1753696981463.png\",\"width\":800,\"height\":1132},{\"@type\":\"BreadcrumbList\",\"@id\":\"https:\/\/romanswinedanube.hu\/portfolio\/arnyekszinhaz\/#breadcrumb\",\"itemListElement\":[{\"@type\":\"ListItem\",\"position\":1,\"name\":\"Kezd\u0151lap\",\"item\":\"https:\/\/romanswinedanube.hu\/\"},{\"@type\":\"ListItem\",\"position\":2,\"name\":\"Portfolio\",\"item\":\"https:\/\/romanswinedanube.hu\/portfolio\/\"},{\"@type\":\"ListItem\",\"position\":3,\"name\":\"\u00c1rny\u00e9ksz\u00ednh\u00e1z\"}]},{\"@type\":\"WebSite\",\"@id\":\"https:\/\/romanswinedanube.hu\/#website\",\"url\":\"https:\/\/romanswinedanube.hu\/\",\"name\":\"Romanswinedanube.hu\",\"description\":\"R\u00f3mai fesztiv\u00e1l P\u00e9cs\",\"publisher\":{\"@id\":\"https:\/\/romanswinedanube.hu\/#organization\"},\"potentialAction\":[{\"@type\":\"SearchAction\",\"target\":{\"@type\":\"EntryPoint\",\"urlTemplate\":\"https:\/\/romanswinedanube.hu\/?s={search_term_string}\"},\"query-input\":{\"@type\":\"PropertyValueSpecification\",\"valueRequired\":true,\"valueName\":\"search_term_string\"}}],\"inLanguage\":\"en-GB\"},{\"@type\":\"Organization\",\"@id\":\"https:\/\/romanswinedanube.hu\/#organization\",\"name\":\"R\u00f3mai Fesztiv\u00e1l P\u00e9cs\",\"url\":\"https:\/\/romanswinedanube.hu\/\",\"logo\":{\"@type\":\"ImageObject\",\"inLanguage\":\"en-GB\",\"@id\":\"https:\/\/romanswinedanube.hu\/#\/schema\/logo\/image\/\",\"url\":\"https:\/\/romanswinedanube.hu\/wp-content\/uploads\/2025\/07\/cropped-0_Logo_Route-1.png\",\"contentUrl\":\"https:\/\/romanswinedanube.hu\/wp-content\/uploads\/2025\/07\/cropped-0_Logo_Route-1.png\",\"width\":1121,\"height\":1271,\"caption\":\"R\u00f3mai Fesztiv\u00e1l P\u00e9cs\"},\"image\":{\"@id\":\"https:\/\/romanswinedanube.hu\/#\/schema\/logo\/image\/\"},\"sameAs\":[\"https:\/\/www.facebook.com\/romaifesztival\"]}]}<\/script>\n<!-- \/ Yoast SEO Premium plugin. -->","yoast_head_json":{"title":"\u00c1rny\u00e9ksz\u00ednh\u00e1z - Romanswinedanube.hu","robots":{"index":"index","follow":"follow","max-snippet":"max-snippet:-1","max-image-preview":"max-image-preview:large","max-video-preview":"max-video-preview:-1"},"canonical":"https:\/\/romanswinedanube.hu\/en\/portfolio\/arnyekszinhaz\/","og_locale":"en_GB","og_type":"article","og_title":"\u00c1rny\u00e9ksz\u00ednh\u00e1z","og_description":"\u00c1rny\u00e9ksz\u00ednh\u00e1z dobozba z\u00e1rva. Szabad\u00edtsd ki a nap l\u00e1d\u00e1j\u00e1t Aeil\u00e1val, \u00e9s mentsd meg Sopianae v\u00e1ros\u00e1t.","og_url":"https:\/\/romanswinedanube.hu\/en\/portfolio\/arnyekszinhaz\/","og_site_name":"Romanswinedanube.hu","article_publisher":"https:\/\/www.facebook.com\/romaifesztival","article_modified_time":"2025-07-29T19:37:37+00:00","og_image":[{"width":800,"height":1132,"url":"https:\/\/romanswinedanube.hu\/wp-content\/uploads\/2022\/07\/tenebrus-2-e1753696981463.png","type":"image\/png"}],"twitter_card":"summary_large_image","twitter_misc":{"Estimated reading time":"3 minutes"},"schema":{"@context":"https:\/\/schema.org","@graph":[{"@type":"WebPage","@id":"https:\/\/romanswinedanube.hu\/portfolio\/arnyekszinhaz\/","url":"https:\/\/romanswinedanube.hu\/portfolio\/arnyekszinhaz\/","name":"\u00c1rny\u00e9ksz\u00ednh\u00e1z - Romanswinedanube.hu","isPartOf":{"@id":"https:\/\/romanswinedanube.hu\/#website"},"primaryImageOfPage":{"@id":"https:\/\/romanswinedanube.hu\/portfolio\/arnyekszinhaz\/#primaryimage"},"image":{"@id":"https:\/\/romanswinedanube.hu\/portfolio\/arnyekszinhaz\/#primaryimage"},"thumbnailUrl":"https:\/\/romanswinedanube.hu\/wp-content\/uploads\/2022\/07\/tenebrus-2-e1753696981463.png","datePublished":"2022-07-01T10:01:34+00:00","dateModified":"2025-07-29T19:37:37+00:00","breadcrumb":{"@id":"https:\/\/romanswinedanube.hu\/portfolio\/arnyekszinhaz\/#breadcrumb"},"inLanguage":"en-GB","potentialAction":[{"@type":"ReadAction","target":["https:\/\/romanswinedanube.hu\/portfolio\/arnyekszinhaz\/"]}]},{"@type":"ImageObject","inLanguage":"en-GB","@id":"https:\/\/romanswinedanube.hu\/portfolio\/arnyekszinhaz\/#primaryimage","url":"https:\/\/romanswinedanube.hu\/wp-content\/uploads\/2022\/07\/tenebrus-2-e1753696981463.png","contentUrl":"https:\/\/romanswinedanube.hu\/wp-content\/uploads\/2022\/07\/tenebrus-2-e1753696981463.png","width":800,"height":1132},{"@type":"BreadcrumbList","@id":"https:\/\/romanswinedanube.hu\/portfolio\/arnyekszinhaz\/#breadcrumb","itemListElement":[{"@type":"ListItem","position":1,"name":"Kezd\u0151lap","item":"https:\/\/romanswinedanube.hu\/"},{"@type":"ListItem","position":2,"name":"Portfolio","item":"https:\/\/romanswinedanube.hu\/portfolio\/"},{"@type":"ListItem","position":3,"name":"\u00c1rny\u00e9ksz\u00ednh\u00e1z"}]},{"@type":"WebSite","@id":"https:\/\/romanswinedanube.hu\/#website","url":"https:\/\/romanswinedanube.hu\/","name":"Romanswinedanube.hu","description":"Roman Festival P\u00e9cs","publisher":{"@id":"https:\/\/romanswinedanube.hu\/#organization"},"potentialAction":[{"@type":"SearchAction","target":{"@type":"EntryPoint","urlTemplate":"https:\/\/romanswinedanube.hu\/?s={search_term_string}"},"query-input":{"@type":"PropertyValueSpecification","valueRequired":true,"valueName":"search_term_string"}}],"inLanguage":"en-GB"},{"@type":"Organization","@id":"https:\/\/romanswinedanube.hu\/#organization","name":"Roman Festival P\u00e9cs","url":"https:\/\/romanswinedanube.hu\/","logo":{"@type":"ImageObject","inLanguage":"en-GB","@id":"https:\/\/romanswinedanube.hu\/#\/schema\/logo\/image\/","url":"https:\/\/romanswinedanube.hu\/wp-content\/uploads\/2025\/07\/cropped-0_Logo_Route-1.png","contentUrl":"https:\/\/romanswinedanube.hu\/wp-content\/uploads\/2025\/07\/cropped-0_Logo_Route-1.png","width":1121,"height":1271,"caption":"R\u00f3mai Fesztiv\u00e1l P\u00e9cs"},"image":{"@id":"https:\/\/romanswinedanube.hu\/#\/schema\/logo\/image\/"},"sameAs":["https:\/\/www.facebook.com\/romaifesztival"]}]}},"_links":{"self":[{"href":"https:\/\/romanswinedanube.hu\/en\/wp-json\/wp\/v2\/cpt_portfolio\/18382","targetHints":{"allow":["GET"]}}],"collection":[{"href":"https:\/\/romanswinedanube.hu\/en\/wp-json\/wp\/v2\/cpt_portfolio"}],"about":[{"href":"https:\/\/romanswinedanube.hu\/en\/wp-json\/wp\/v2\/types\/cpt_portfolio"}],"author":[{"embeddable":true,"href":"https:\/\/romanswinedanube.hu\/en\/wp-json\/wp\/v2\/users\/1"}],"replies":[{"embeddable":true,"href":"https:\/\/romanswinedanube.hu\/en\/wp-json\/wp\/v2\/comments?post=18382"}],"wp:featuredmedia":[{"embeddable":true,"href":"https:\/\/romanswinedanube.hu\/en\/wp-json\/wp\/v2\/media\/20453"}],"wp:attachment":[{"href":"https:\/\/romanswinedanube.hu\/en\/wp-json\/wp\/v2\/media?parent=18382"}],"wp:term":[{"taxonomy":"cpt_portfolio_group","embeddable":true,"href":"https:\/\/romanswinedanube.hu\/en\/wp-json\/wp\/v2\/cpt_portfolio_group?post=18382"}],"curies":[{"name":"wp","href":"https:\/\/api.w.org\/{rel}","templated":true}]}}