{"id":18567,"date":"2022-07-04T14:25:41","date_gmt":"2022-07-04T14:25:41","guid":{"rendered":"https:\/\/romanswinedanube.hu\/?post_type=cpt_portfolio&#038;p=18567"},"modified":"2025-08-15T08:24:24","modified_gmt":"2025-08-15T08:24:24","slug":"romai-fesztival","status":"publish","type":"cpt_portfolio","link":"https:\/\/romanswinedanube.hu\/en\/portfolio\/romai-fesztival\/","title":{"rendered":"Product Club 4.0"},"content":{"rendered":"<h3 class=\"wp-block-heading\" id=\"h-romai-fesztival\">Roman Festival<\/h3>\n\n\n\n<p><strong>Roman Festival - \"Sopianae - Back to life! \"<\/strong><\/p>\n\n\n\n<p><strong>Two-day time travel to the heart of ancient P\u00e9cs<\/strong><\/p>\n\n\n\n<p>This summer, the world of antiquity will come to life again in the historic centre of P\u00e9cs: on 29 and 30 August 2025, the <strong>Roman Festival - Sopianae - Revived<\/strong>! which takes visitors on an exciting journey through time to the heart of the Roman city. The two-day event aims to bring the architectural heritage, culture, religious diversity and everyday life of late Roman Sopianae - today's P\u00e9cs - closer to today's audiences through interactive experiences, traditional programmes, theatre performances, gastronomic workshops and spectacular parades.<br><\/p>\n\n\n\n<figure class=\"wp-block-image size-large\"><img fetchpriority=\"high\" decoding=\"async\" width=\"1024\" height=\"1024\" src=\"https:\/\/romanswinedanube.hu\/wp-content\/uploads\/2022\/07\/photo-output-1-1024x1024.jpg\" alt=\"\" class=\"wp-image-20947\" srcset=\"https:\/\/romanswinedanube.hu\/wp-content\/uploads\/2022\/07\/photo-output-1-1024x1024.jpg 1024w, https:\/\/romanswinedanube.hu\/wp-content\/uploads\/2022\/07\/photo-output-1-300x300.jpg 300w, https:\/\/romanswinedanube.hu\/wp-content\/uploads\/2022\/07\/photo-output-1-150x150.jpg 150w, https:\/\/romanswinedanube.hu\/wp-content\/uploads\/2022\/07\/photo-output-1-768x768.jpg 768w, https:\/\/romanswinedanube.hu\/wp-content\/uploads\/2022\/07\/photo-output-1-1536x1536.jpg 1536w, https:\/\/romanswinedanube.hu\/wp-content\/uploads\/2022\/07\/photo-output-1-2048x2048.jpg 2048w, https:\/\/romanswinedanube.hu\/wp-content\/uploads\/2022\/07\/photo-output-1-12x12.jpg 12w, https:\/\/romanswinedanube.hu\/wp-content\/uploads\/2022\/07\/photo-output-1-370x370.jpg 370w, https:\/\/romanswinedanube.hu\/wp-content\/uploads\/2022\/07\/photo-output-1-120x120.jpg 120w, https:\/\/romanswinedanube.hu\/wp-content\/uploads\/2022\/07\/photo-output-1-840x840.jpg 840w, https:\/\/romanswinedanube.hu\/wp-content\/uploads\/2022\/07\/photo-output-1-410x410.jpg 410w\" sizes=\"(max-width: 1024px) 100vw, 1024px\" \/><\/figure>\n\n\n\n<p>The Festival of the <strong>Zsolnay Heritage Management Nonprofit Ltd., the Sopianae Reviviscit <\/strong>and the<strong> Mediator Association <\/strong>in cooperation with the <strong><em>#RomansWineDanube - Marketing framework for sustainable cultural tourism development <\/em><\/strong>project.&nbsp;<\/p>\n\n\n\n<p>The project, co-funded by the European Union under the Interreg Danube Transnational Programme, is <strong>\"Roman Emperors and the Danube Wine Route\"<\/strong> The route crosses ten countries, bringing together 23 sites and 12 wine regions, which the 13 consortium partners aim to promote and develop over the 30 months of the project. This summer, Rome and wine festivals will be held in 9 different locations. The partners will take part in each other's events with traditional groups and by presenting their own wines.<\/p>\n\n\n\n<figure class=\"wp-block-gallery has-nested-images columns-default is-cropped wp-block-gallery-1 is-layout-flex wp-block-gallery-is-layout-flex\"><\/figure>\n\n\n\n<p><\/p>","protected":false},"excerpt":{"rendered":"<p>R\u00f3mai Fesztiv\u00e1l R\u00f3mai Fesztiv\u00e1l \u2013 \u201eSopianae &#8211; \u00dajra \u00e9led! \u201d K\u00e9tnapos id\u0151utaz\u00e1s az \u00f3kori P\u00e9cs sz\u00edv\u00e9be P\u00e9cs t\u00f6rt\u00e9nelmi belv\u00e1ros\u00e1ban id\u00e9n ny\u00e1ron \u00fajra megelevenedik az \u00f3kor vil\u00e1ga: 2025. augusztus 29-\u00e9n \u00e9s&hellip;<\/p>","protected":false},"author":1,"featured_media":20870,"comment_status":"closed","ping_status":"closed","template":"","cpt_portfolio_group":[199],"class_list":["post-18567","cpt_portfolio","type-cpt_portfolio","status-publish","has-post-thumbnail","hentry","cpt_portfolio_group-esemenyek"],"yoast_head":"<!-- This site is optimized with the Yoast SEO Premium plugin v25.4 (Yoast SEO v25.6) - https:\/\/yoast.com\/wordpress\/plugins\/seo\/ -->\n<title>Product Club 4.0 - Romanswinedanube.hu<\/title>\n<meta name=\"description\" content=\"R\u00f3mai Fesztiv\u00e1l \u2013 \u201eSopianae - \u00dajra \u00e9led! \u201dK\u00e9tnapos id\u0151utaz\u00e1s az \u00f3kori P\u00e9cs sz\u00edv\u00e9ben. 2025. augusztus 29\u201330-\u00e1n ker\u00fcl megrendez\u00e9sre a R\u00f3mai Fesztiv\u00e1l \u2013 Sopianae - \u00dajra \u00e9led! amely izgalmas id\u0151utaz\u00e1sra invit\u00e1lja a l\u00e1togat\u00f3kat a r\u00f3mai kori v\u00e1ros k\u00f6zep\u00e9be. A k\u00e9tnapos esem\u00e9ny c\u00e9lja, hogy a k\u00e9s\u0151 r\u00f3mai kori Sopianae \u2013 a mai P\u00e9cs \u2013 \u00e9p\u00edtett \u00f6r\u00f6ks\u00e9g\u00e9t, kult\u00far\u00e1j\u00e1t, vall\u00e1si soksz\u00edn\u0171s\u00e9g\u00e9t \u00e9s mindennapjait k\u00f6zelebb hozza a mai k\u00f6z\u00f6ns\u00e9ghez interakt\u00edv \u00e9lm\u00e9nyeken, hagyom\u00e1ny\u0151rz\u0151 programokon, sz\u00ednh\u00e1zi el\u0151ad\u00e1sokon, gasztroworkshopokon \u00e9s l\u00e1tv\u00e1nyos felvonul\u00e1sokon kereszt\u00fcl.\" \/>\n<meta name=\"robots\" content=\"index, follow, max-snippet:-1, max-image-preview:large, max-video-preview:-1\" \/>\n<link rel=\"canonical\" href=\"https:\/\/romanswinedanube.hu\/en\/portfolio\/romai-fesztival\/\" \/>\n<meta property=\"og:locale\" content=\"en_GB\" \/>\n<meta property=\"og:type\" content=\"article\" \/>\n<meta property=\"og:title\" content=\"Product Club 4.0\" \/>\n<meta property=\"og:description\" content=\"R\u00f3mai Fesztiv\u00e1l \u2013 \u201eSopianae - \u00dajra \u00e9led! \u201dK\u00e9tnapos id\u0151utaz\u00e1s az \u00f3kori P\u00e9cs sz\u00edv\u00e9ben. 2025. augusztus 29\u201330-\u00e1n ker\u00fcl megrendez\u00e9sre a R\u00f3mai Fesztiv\u00e1l \u2013 Sopianae - \u00dajra \u00e9led! amely izgalmas id\u0151utaz\u00e1sra invit\u00e1lja a l\u00e1togat\u00f3kat a r\u00f3mai kori v\u00e1ros k\u00f6zep\u00e9be. A k\u00e9tnapos esem\u00e9ny c\u00e9lja, hogy a k\u00e9s\u0151 r\u00f3mai kori Sopianae \u2013 a mai P\u00e9cs \u2013 \u00e9p\u00edtett \u00f6r\u00f6ks\u00e9g\u00e9t, kult\u00far\u00e1j\u00e1t, vall\u00e1si soksz\u00edn\u0171s\u00e9g\u00e9t \u00e9s mindennapjait k\u00f6zelebb hozza a mai k\u00f6z\u00f6ns\u00e9ghez interakt\u00edv \u00e9lm\u00e9nyeken, hagyom\u00e1ny\u0151rz\u0151 programokon, sz\u00ednh\u00e1zi el\u0151ad\u00e1sokon, gasztroworkshopokon \u00e9s l\u00e1tv\u00e1nyos felvonul\u00e1sokon kereszt\u00fcl.\" \/>\n<meta property=\"og:url\" content=\"https:\/\/romanswinedanube.hu\/en\/portfolio\/romai-fesztival\/\" \/>\n<meta property=\"og:site_name\" content=\"Romanswinedanube.hu\" \/>\n<meta property=\"article:publisher\" content=\"https:\/\/www.facebook.com\/romaifesztival\" \/>\n<meta property=\"article:modified_time\" content=\"2025-08-15T08:24:24+00:00\" \/>\n<meta property=\"og:image\" content=\"https:\/\/romanswinedanube.hu\/wp-content\/uploads\/2022\/06\/product-club-logo-sarga-e1753961339549.png\" \/>\n\t<meta property=\"og:image:width\" content=\"400\" \/>\n\t<meta property=\"og:image:height\" content=\"400\" \/>\n\t<meta property=\"og:image:type\" content=\"image\/png\" \/>\n<meta name=\"twitter:card\" content=\"summary_large_image\" \/>\n<meta name=\"twitter:label1\" content=\"Estimated reading time\" \/>\n\t<meta name=\"twitter:data1\" content=\"2 minutes\" \/>\n<script type=\"application\/ld+json\" class=\"yoast-schema-graph\">{\"@context\":\"https:\/\/schema.org\",\"@graph\":[{\"@type\":\"WebPage\",\"@id\":\"https:\/\/romanswinedanube.hu\/portfolio\/romai-fesztival\/\",\"url\":\"https:\/\/romanswinedanube.hu\/portfolio\/romai-fesztival\/\",\"name\":\"Product Club 4.0 - Romanswinedanube.hu\",\"isPartOf\":{\"@id\":\"https:\/\/romanswinedanube.hu\/#website\"},\"primaryImageOfPage\":{\"@id\":\"https:\/\/romanswinedanube.hu\/portfolio\/romai-fesztival\/#primaryimage\"},\"image\":{\"@id\":\"https:\/\/romanswinedanube.hu\/portfolio\/romai-fesztival\/#primaryimage\"},\"thumbnailUrl\":\"https:\/\/romanswinedanube.hu\/wp-content\/uploads\/2022\/06\/product-club-logo-sarga-e1753961339549.png\",\"datePublished\":\"2022-07-04T14:25:41+00:00\",\"dateModified\":\"2025-08-15T08:24:24+00:00\",\"description\":\"R\u00f3mai Fesztiv\u00e1l \u2013 \u201eSopianae - \u00dajra \u00e9led! \u201dK\u00e9tnapos id\u0151utaz\u00e1s az \u00f3kori P\u00e9cs sz\u00edv\u00e9ben. 2025. augusztus 29\u201330-\u00e1n ker\u00fcl megrendez\u00e9sre a R\u00f3mai Fesztiv\u00e1l \u2013 Sopianae - \u00dajra \u00e9led! amely izgalmas id\u0151utaz\u00e1sra invit\u00e1lja a l\u00e1togat\u00f3kat a r\u00f3mai kori v\u00e1ros k\u00f6zep\u00e9be. A k\u00e9tnapos esem\u00e9ny c\u00e9lja, hogy a k\u00e9s\u0151 r\u00f3mai kori Sopianae \u2013 a mai P\u00e9cs \u2013 \u00e9p\u00edtett \u00f6r\u00f6ks\u00e9g\u00e9t, kult\u00far\u00e1j\u00e1t, vall\u00e1si soksz\u00edn\u0171s\u00e9g\u00e9t \u00e9s mindennapjait k\u00f6zelebb hozza a mai k\u00f6z\u00f6ns\u00e9ghez interakt\u00edv \u00e9lm\u00e9nyeken, hagyom\u00e1ny\u0151rz\u0151 programokon, sz\u00ednh\u00e1zi el\u0151ad\u00e1sokon, gasztroworkshopokon \u00e9s l\u00e1tv\u00e1nyos felvonul\u00e1sokon kereszt\u00fcl.\",\"breadcrumb\":{\"@id\":\"https:\/\/romanswinedanube.hu\/portfolio\/romai-fesztival\/#breadcrumb\"},\"inLanguage\":\"en-GB\",\"potentialAction\":[{\"@type\":\"ReadAction\",\"target\":[\"https:\/\/romanswinedanube.hu\/portfolio\/romai-fesztival\/\"]}]},{\"@type\":\"ImageObject\",\"inLanguage\":\"en-GB\",\"@id\":\"https:\/\/romanswinedanube.hu\/portfolio\/romai-fesztival\/#primaryimage\",\"url\":\"https:\/\/romanswinedanube.hu\/wp-content\/uploads\/2022\/06\/product-club-logo-sarga-e1753961339549.png\",\"contentUrl\":\"https:\/\/romanswinedanube.hu\/wp-content\/uploads\/2022\/06\/product-club-logo-sarga-e1753961339549.png\",\"width\":400,\"height\":400},{\"@type\":\"BreadcrumbList\",\"@id\":\"https:\/\/romanswinedanube.hu\/portfolio\/romai-fesztival\/#breadcrumb\",\"itemListElement\":[{\"@type\":\"ListItem\",\"position\":1,\"name\":\"Kezd\u0151lap\",\"item\":\"https:\/\/romanswinedanube.hu\/\"},{\"@type\":\"ListItem\",\"position\":2,\"name\":\"Portfolio\",\"item\":\"https:\/\/romanswinedanube.hu\/portfolio\/\"},{\"@type\":\"ListItem\",\"position\":3,\"name\":\"Product Club 4.0\"}]},{\"@type\":\"WebSite\",\"@id\":\"https:\/\/romanswinedanube.hu\/#website\",\"url\":\"https:\/\/romanswinedanube.hu\/\",\"name\":\"Romanswinedanube.hu\",\"description\":\"R\u00f3mai fesztiv\u00e1l P\u00e9cs\",\"publisher\":{\"@id\":\"https:\/\/romanswinedanube.hu\/#organization\"},\"potentialAction\":[{\"@type\":\"SearchAction\",\"target\":{\"@type\":\"EntryPoint\",\"urlTemplate\":\"https:\/\/romanswinedanube.hu\/?s={search_term_string}\"},\"query-input\":{\"@type\":\"PropertyValueSpecification\",\"valueRequired\":true,\"valueName\":\"search_term_string\"}}],\"inLanguage\":\"en-GB\"},{\"@type\":\"Organization\",\"@id\":\"https:\/\/romanswinedanube.hu\/#organization\",\"name\":\"R\u00f3mai Fesztiv\u00e1l P\u00e9cs\",\"url\":\"https:\/\/romanswinedanube.hu\/\",\"logo\":{\"@type\":\"ImageObject\",\"inLanguage\":\"en-GB\",\"@id\":\"https:\/\/romanswinedanube.hu\/#\/schema\/logo\/image\/\",\"url\":\"https:\/\/romanswinedanube.hu\/wp-content\/uploads\/2025\/07\/cropped-0_Logo_Route-1.png\",\"contentUrl\":\"https:\/\/romanswinedanube.hu\/wp-content\/uploads\/2025\/07\/cropped-0_Logo_Route-1.png\",\"width\":1121,\"height\":1271,\"caption\":\"R\u00f3mai Fesztiv\u00e1l P\u00e9cs\"},\"image\":{\"@id\":\"https:\/\/romanswinedanube.hu\/#\/schema\/logo\/image\/\"},\"sameAs\":[\"https:\/\/www.facebook.com\/romaifesztival\"]}]}<\/script>\n<!-- \/ Yoast SEO Premium plugin. -->","yoast_head_json":{"title":"Product Club 4.0 - Romanswinedanube.hu","description":"R\u00f3mai Fesztiv\u00e1l \u2013 \u201eSopianae - \u00dajra \u00e9led! \u201dK\u00e9tnapos id\u0151utaz\u00e1s az \u00f3kori P\u00e9cs sz\u00edv\u00e9ben. 2025. augusztus 29\u201330-\u00e1n ker\u00fcl megrendez\u00e9sre a R\u00f3mai Fesztiv\u00e1l \u2013 Sopianae - \u00dajra \u00e9led! amely izgalmas id\u0151utaz\u00e1sra invit\u00e1lja a l\u00e1togat\u00f3kat a r\u00f3mai kori v\u00e1ros k\u00f6zep\u00e9be. A k\u00e9tnapos esem\u00e9ny c\u00e9lja, hogy a k\u00e9s\u0151 r\u00f3mai kori Sopianae \u2013 a mai P\u00e9cs \u2013 \u00e9p\u00edtett \u00f6r\u00f6ks\u00e9g\u00e9t, kult\u00far\u00e1j\u00e1t, vall\u00e1si soksz\u00edn\u0171s\u00e9g\u00e9t \u00e9s mindennapjait k\u00f6zelebb hozza a mai k\u00f6z\u00f6ns\u00e9ghez interakt\u00edv \u00e9lm\u00e9nyeken, hagyom\u00e1ny\u0151rz\u0151 programokon, sz\u00ednh\u00e1zi el\u0151ad\u00e1sokon, gasztroworkshopokon \u00e9s l\u00e1tv\u00e1nyos felvonul\u00e1sokon kereszt\u00fcl.","robots":{"index":"index","follow":"follow","max-snippet":"max-snippet:-1","max-image-preview":"max-image-preview:large","max-video-preview":"max-video-preview:-1"},"canonical":"https:\/\/romanswinedanube.hu\/en\/portfolio\/romai-fesztival\/","og_locale":"en_GB","og_type":"article","og_title":"Product Club 4.0","og_description":"R\u00f3mai Fesztiv\u00e1l \u2013 \u201eSopianae - \u00dajra \u00e9led! \u201dK\u00e9tnapos id\u0151utaz\u00e1s az \u00f3kori P\u00e9cs sz\u00edv\u00e9ben. 2025. augusztus 29\u201330-\u00e1n ker\u00fcl megrendez\u00e9sre a R\u00f3mai Fesztiv\u00e1l \u2013 Sopianae - \u00dajra \u00e9led! amely izgalmas id\u0151utaz\u00e1sra invit\u00e1lja a l\u00e1togat\u00f3kat a r\u00f3mai kori v\u00e1ros k\u00f6zep\u00e9be. A k\u00e9tnapos esem\u00e9ny c\u00e9lja, hogy a k\u00e9s\u0151 r\u00f3mai kori Sopianae \u2013 a mai P\u00e9cs \u2013 \u00e9p\u00edtett \u00f6r\u00f6ks\u00e9g\u00e9t, kult\u00far\u00e1j\u00e1t, vall\u00e1si soksz\u00edn\u0171s\u00e9g\u00e9t \u00e9s mindennapjait k\u00f6zelebb hozza a mai k\u00f6z\u00f6ns\u00e9ghez interakt\u00edv \u00e9lm\u00e9nyeken, hagyom\u00e1ny\u0151rz\u0151 programokon, sz\u00ednh\u00e1zi el\u0151ad\u00e1sokon, gasztroworkshopokon \u00e9s l\u00e1tv\u00e1nyos felvonul\u00e1sokon kereszt\u00fcl.","og_url":"https:\/\/romanswinedanube.hu\/en\/portfolio\/romai-fesztival\/","og_site_name":"Romanswinedanube.hu","article_publisher":"https:\/\/www.facebook.com\/romaifesztival","article_modified_time":"2025-08-15T08:24:24+00:00","og_image":[{"width":400,"height":400,"url":"https:\/\/romanswinedanube.hu\/wp-content\/uploads\/2022\/06\/product-club-logo-sarga-e1753961339549.png","type":"image\/png"}],"twitter_card":"summary_large_image","twitter_misc":{"Estimated reading time":"2 minutes"},"schema":{"@context":"https:\/\/schema.org","@graph":[{"@type":"WebPage","@id":"https:\/\/romanswinedanube.hu\/portfolio\/romai-fesztival\/","url":"https:\/\/romanswinedanube.hu\/portfolio\/romai-fesztival\/","name":"Product Club 4.0 - Romanswinedanube.hu","isPartOf":{"@id":"https:\/\/romanswinedanube.hu\/#website"},"primaryImageOfPage":{"@id":"https:\/\/romanswinedanube.hu\/portfolio\/romai-fesztival\/#primaryimage"},"image":{"@id":"https:\/\/romanswinedanube.hu\/portfolio\/romai-fesztival\/#primaryimage"},"thumbnailUrl":"https:\/\/romanswinedanube.hu\/wp-content\/uploads\/2022\/06\/product-club-logo-sarga-e1753961339549.png","datePublished":"2022-07-04T14:25:41+00:00","dateModified":"2025-08-15T08:24:24+00:00","description":"R\u00f3mai Fesztiv\u00e1l \u2013 \u201eSopianae - \u00dajra \u00e9led! \u201dK\u00e9tnapos id\u0151utaz\u00e1s az \u00f3kori P\u00e9cs sz\u00edv\u00e9ben. 2025. augusztus 29\u201330-\u00e1n ker\u00fcl megrendez\u00e9sre a R\u00f3mai Fesztiv\u00e1l \u2013 Sopianae - \u00dajra \u00e9led! amely izgalmas id\u0151utaz\u00e1sra invit\u00e1lja a l\u00e1togat\u00f3kat a r\u00f3mai kori v\u00e1ros k\u00f6zep\u00e9be. A k\u00e9tnapos esem\u00e9ny c\u00e9lja, hogy a k\u00e9s\u0151 r\u00f3mai kori Sopianae \u2013 a mai P\u00e9cs \u2013 \u00e9p\u00edtett \u00f6r\u00f6ks\u00e9g\u00e9t, kult\u00far\u00e1j\u00e1t, vall\u00e1si soksz\u00edn\u0171s\u00e9g\u00e9t \u00e9s mindennapjait k\u00f6zelebb hozza a mai k\u00f6z\u00f6ns\u00e9ghez interakt\u00edv \u00e9lm\u00e9nyeken, hagyom\u00e1ny\u0151rz\u0151 programokon, sz\u00ednh\u00e1zi el\u0151ad\u00e1sokon, gasztroworkshopokon \u00e9s l\u00e1tv\u00e1nyos felvonul\u00e1sokon kereszt\u00fcl.","breadcrumb":{"@id":"https:\/\/romanswinedanube.hu\/portfolio\/romai-fesztival\/#breadcrumb"},"inLanguage":"en-GB","potentialAction":[{"@type":"ReadAction","target":["https:\/\/romanswinedanube.hu\/portfolio\/romai-fesztival\/"]}]},{"@type":"ImageObject","inLanguage":"en-GB","@id":"https:\/\/romanswinedanube.hu\/portfolio\/romai-fesztival\/#primaryimage","url":"https:\/\/romanswinedanube.hu\/wp-content\/uploads\/2022\/06\/product-club-logo-sarga-e1753961339549.png","contentUrl":"https:\/\/romanswinedanube.hu\/wp-content\/uploads\/2022\/06\/product-club-logo-sarga-e1753961339549.png","width":400,"height":400},{"@type":"BreadcrumbList","@id":"https:\/\/romanswinedanube.hu\/portfolio\/romai-fesztival\/#breadcrumb","itemListElement":[{"@type":"ListItem","position":1,"name":"Kezd\u0151lap","item":"https:\/\/romanswinedanube.hu\/"},{"@type":"ListItem","position":2,"name":"Portfolio","item":"https:\/\/romanswinedanube.hu\/portfolio\/"},{"@type":"ListItem","position":3,"name":"Product Club 4.0"}]},{"@type":"WebSite","@id":"https:\/\/romanswinedanube.hu\/#website","url":"https:\/\/romanswinedanube.hu\/","name":"Romanswinedanube.hu","description":"Roman Festival P\u00e9cs","publisher":{"@id":"https:\/\/romanswinedanube.hu\/#organization"},"potentialAction":[{"@type":"SearchAction","target":{"@type":"EntryPoint","urlTemplate":"https:\/\/romanswinedanube.hu\/?s={search_term_string}"},"query-input":{"@type":"PropertyValueSpecification","valueRequired":true,"valueName":"search_term_string"}}],"inLanguage":"en-GB"},{"@type":"Organization","@id":"https:\/\/romanswinedanube.hu\/#organization","name":"Roman Festival P\u00e9cs","url":"https:\/\/romanswinedanube.hu\/","logo":{"@type":"ImageObject","inLanguage":"en-GB","@id":"https:\/\/romanswinedanube.hu\/#\/schema\/logo\/image\/","url":"https:\/\/romanswinedanube.hu\/wp-content\/uploads\/2025\/07\/cropped-0_Logo_Route-1.png","contentUrl":"https:\/\/romanswinedanube.hu\/wp-content\/uploads\/2025\/07\/cropped-0_Logo_Route-1.png","width":1121,"height":1271,"caption":"R\u00f3mai Fesztiv\u00e1l P\u00e9cs"},"image":{"@id":"https:\/\/romanswinedanube.hu\/#\/schema\/logo\/image\/"},"sameAs":["https:\/\/www.facebook.com\/romaifesztival"]}]}},"_links":{"self":[{"href":"https:\/\/romanswinedanube.hu\/en\/wp-json\/wp\/v2\/cpt_portfolio\/18567","targetHints":{"allow":["GET"]}}],"collection":[{"href":"https:\/\/romanswinedanube.hu\/en\/wp-json\/wp\/v2\/cpt_portfolio"}],"about":[{"href":"https:\/\/romanswinedanube.hu\/en\/wp-json\/wp\/v2\/types\/cpt_portfolio"}],"author":[{"embeddable":true,"href":"https:\/\/romanswinedanube.hu\/en\/wp-json\/wp\/v2\/users\/1"}],"replies":[{"embeddable":true,"href":"https:\/\/romanswinedanube.hu\/en\/wp-json\/wp\/v2\/comments?post=18567"}],"wp:featuredmedia":[{"embeddable":true,"href":"https:\/\/romanswinedanube.hu\/en\/wp-json\/wp\/v2\/media\/20870"}],"wp:attachment":[{"href":"https:\/\/romanswinedanube.hu\/en\/wp-json\/wp\/v2\/media?parent=18567"}],"wp:term":[{"taxonomy":"cpt_portfolio_group","embeddable":true,"href":"https:\/\/romanswinedanube.hu\/en\/wp-json\/wp\/v2\/cpt_portfolio_group?post=18567"}],"curies":[{"name":"wp","href":"https:\/\/api.w.org\/{rel}","templated":true}]}}