{"id":2759,"date":"2020-05-18T10:29:53","date_gmt":"2020-05-18T10:29:53","guid":{"rendered":"https:\/\/romanswinedanube.hu\/?post_type=cpt_portfolio&#038;p=2759"},"modified":"2025-07-17T11:51:13","modified_gmt":"2025-07-17T11:51:13","slug":"okereszteny-mauzoleum","status":"publish","type":"cpt_portfolio","link":"https:\/\/romanswinedanube.hu\/en\/portfolio\/okereszteny-mauzoleum\/","title":{"rendered":"Old Christian Mausoleum"},"content":{"rendered":"<h3 class=\"wp-block-heading\"><a href=\"https:\/\/www.google.com\/maps\/place\/\/data=!4m2!3m1!1s0x4742b16f232556b7:0x9607479baddffc0d?sa=X&amp;ved=1t:8290&amp;ictx=111\">P\u00e9cs, Szent Istv\u00e1n t\u00e9r, 7621<\/a><\/h3>\n\n\n\n<p>The paintings in the tomb are partly surface decorations and partly figurative. The remaining frescoes are basically in two parts; the northern wall depicts the Fall of Adam and Eve, the prophet Daniel in the lions' den and the Tree of Life. On the axis of the eastern wall, below the ceiling, is the symbol of Christ, the so-called Christogram. In the niche below is a torso of a red-robed figure seated on a throne with a wheat eagle and a palm branch.<\/p>\n\n\n\n<figure class=\"wp-block-gallery has-nested-images columns-default is-cropped wp-block-gallery-1 is-layout-flex wp-block-gallery-is-layout-flex\">\n<figure class=\"wp-block-image size-full\"><img fetchpriority=\"high\" decoding=\"async\" width=\"492\" height=\"329\" data-id=\"20435\" src=\"https:\/\/romanswinedanube.hu\/wp-content\/uploads\/2020\/05\/6.jpg\" alt=\"\" class=\"wp-image-20435\" srcset=\"https:\/\/romanswinedanube.hu\/wp-content\/uploads\/2020\/05\/6.jpg 492w, https:\/\/romanswinedanube.hu\/wp-content\/uploads\/2020\/05\/6-300x201.jpg 300w, https:\/\/romanswinedanube.hu\/wp-content\/uploads\/2020\/05\/6-370x247.jpg 370w, https:\/\/romanswinedanube.hu\/wp-content\/uploads\/2020\/05\/6-410x274.jpg 410w\" sizes=\"(max-width: 600px) 100vw, 492px\" \/><\/figure>\n\n\n\n<figure class=\"wp-block-image size-full\"><img decoding=\"async\" width=\"492\" height=\"329\" data-id=\"20436\" src=\"https:\/\/romanswinedanube.hu\/wp-content\/uploads\/2020\/05\/IMG_6170.jpg\" alt=\"\" class=\"wp-image-20436\" srcset=\"https:\/\/romanswinedanube.hu\/wp-content\/uploads\/2020\/05\/IMG_6170.jpg 492w, https:\/\/romanswinedanube.hu\/wp-content\/uploads\/2020\/05\/IMG_6170-300x201.jpg 300w, https:\/\/romanswinedanube.hu\/wp-content\/uploads\/2020\/05\/IMG_6170-370x247.jpg 370w, https:\/\/romanswinedanube.hu\/wp-content\/uploads\/2020\/05\/IMG_6170-410x274.jpg 410w\" sizes=\"(max-width: 600px) 100vw, 492px\" \/><\/figure>\n<\/figure>\n\n\n\n<figure class=\"wp-block-gallery has-nested-images columns-default is-cropped wp-block-gallery-2 is-layout-flex wp-block-gallery-is-layout-flex\">\n<figure class=\"wp-block-image size-full\"><img decoding=\"async\" width=\"800\" height=\"533\" data-id=\"20437\" src=\"https:\/\/romanswinedanube.hu\/wp-content\/uploads\/2020\/05\/foToth-DSCF53726-masolat-min.jpg\" alt=\"\" class=\"wp-image-20437\" srcset=\"https:\/\/romanswinedanube.hu\/wp-content\/uploads\/2020\/05\/foToth-DSCF53726-masolat-min.jpg 800w, https:\/\/romanswinedanube.hu\/wp-content\/uploads\/2020\/05\/foToth-DSCF53726-masolat-min-300x200.jpg 300w, https:\/\/romanswinedanube.hu\/wp-content\/uploads\/2020\/05\/foToth-DSCF53726-masolat-min-768x512.jpg 768w, https:\/\/romanswinedanube.hu\/wp-content\/uploads\/2020\/05\/foToth-DSCF53726-masolat-min-370x247.jpg 370w, https:\/\/romanswinedanube.hu\/wp-content\/uploads\/2020\/05\/foToth-DSCF53726-masolat-min-410x273.jpg 410w\" sizes=\"(max-width: 800px) 100vw, 800px\" \/><\/figure>\n<\/figure>","protected":false},"excerpt":{"rendered":"<p>In 1975, while repair work was being carried out on the waterfall, which had been flowing in steps, a building called the Old Christian Mausoleum was discovered<\/p>\n<p>This cemetery chapel is one of the larger buildings in Sopianae. It had two floors; the surface chapel was used as a memorial cell while the crypt was used for burial. The burial chamber originally consisted of a painted room with a large, beautifully carved sarcophagus on the south side. Later the chamber was enlarged to the west and two new sarcophagi were added.<\/p>","protected":false},"author":1,"featured_media":20330,"comment_status":"closed","ping_status":"closed","template":"","cpt_portfolio_group":[97],"class_list":["post-2759","cpt_portfolio","type-cpt_portfolio","status-publish","has-post-thumbnail","hentry","cpt_portfolio_group-vilagorokseg"],"yoast_head":"<!-- This site is optimized with the Yoast SEO Premium plugin v25.4 (Yoast SEO v25.6) - https:\/\/yoast.com\/wordpress\/plugins\/seo\/ -->\n<title>\u00d3kereszt\u00e9ny Mauz\u00f3leum - Romanswinedanube.hu<\/title>\n<meta name=\"robots\" content=\"index, follow, max-snippet:-1, max-image-preview:large, max-video-preview:-1\" \/>\n<link rel=\"canonical\" href=\"https:\/\/romanswinedanube.hu\/en\/portfolio\/okereszteny-mauzoleum\/\" \/>\n<meta property=\"og:locale\" content=\"en_GB\" \/>\n<meta property=\"og:type\" content=\"article\" \/>\n<meta property=\"og:title\" content=\"\u00d3kereszt\u00e9ny Mauz\u00f3leum\" \/>\n<meta property=\"og:description\" content=\"1975-ben, mikor az addig itt l\u00e9pcs\u0151zetesen foly\u00f3 v\u00edzes\u00e9s jav\u00edt\u00e1si munk\u00e1latai folytak, bukkantak r\u00e1 az \u00d3kereszt\u00e9ny Mauz\u00f3leumnak nevezett \u00e9p\u00fcletre Ez a temet\u0151i k\u00e1polna egyike Sopianae nagyobb \u00e9p\u00fcleteinek. K\u00e9tszintes volt; a felsz\u00edni k\u00e1polna cella memoriaek\u00e9nt szolg\u00e1lt, m\u00edg a kript\u00e1ban temetkeztek. A s\u00edrkamra eredetileg egy festett helyis\u00e9gb\u0151l \u00e1llt, amelynek d\u00e9li oldal\u00e1n \u00e1llt a hatalmas, gy\u00f6ny\u00f6r\u0171en faragott szarkof\u00e1g. K\u00e9s\u0151bb a s\u00edrkamr\u00e1t nyugati ir\u00e1nyban megnagyobb\u00edtott\u00e1k \u00e9s k\u00e9t \u00fajabb szarkof\u00e1got helyeztek el benne.\" \/>\n<meta property=\"og:url\" content=\"https:\/\/romanswinedanube.hu\/en\/portfolio\/okereszteny-mauzoleum\/\" \/>\n<meta property=\"og:site_name\" content=\"Romanswinedanube.hu\" \/>\n<meta property=\"article:publisher\" content=\"https:\/\/www.facebook.com\/romaifesztival\" \/>\n<meta property=\"article:modified_time\" content=\"2025-07-17T11:51:13+00:00\" \/>\n<meta property=\"og:image\" content=\"https:\/\/romanswinedanube.hu\/wp-content\/uploads\/2025\/07\/vilagorokseg1.png\" \/>\n\t<meta property=\"og:image:width\" content=\"1486\" \/>\n\t<meta property=\"og:image:height\" content=\"993\" \/>\n\t<meta property=\"og:image:type\" content=\"image\/png\" \/>\n<meta name=\"twitter:card\" content=\"summary_large_image\" \/>\n<meta name=\"twitter:label1\" content=\"Estimated reading time\" \/>\n\t<meta name=\"twitter:data1\" content=\"1 minute\" \/>\n<script type=\"application\/ld+json\" class=\"yoast-schema-graph\">{\"@context\":\"https:\/\/schema.org\",\"@graph\":[{\"@type\":\"WebPage\",\"@id\":\"https:\/\/romanswinedanube.hu\/portfolio\/okereszteny-mauzoleum\/\",\"url\":\"https:\/\/romanswinedanube.hu\/portfolio\/okereszteny-mauzoleum\/\",\"name\":\"\u00d3kereszt\u00e9ny Mauz\u00f3leum - Romanswinedanube.hu\",\"isPartOf\":{\"@id\":\"https:\/\/romanswinedanube.hu\/#website\"},\"primaryImageOfPage\":{\"@id\":\"https:\/\/romanswinedanube.hu\/portfolio\/okereszteny-mauzoleum\/#primaryimage\"},\"image\":{\"@id\":\"https:\/\/romanswinedanube.hu\/portfolio\/okereszteny-mauzoleum\/#primaryimage\"},\"thumbnailUrl\":\"https:\/\/romanswinedanube.hu\/wp-content\/uploads\/2025\/07\/vilagorokseg1.png\",\"datePublished\":\"2020-05-18T10:29:53+00:00\",\"dateModified\":\"2025-07-17T11:51:13+00:00\",\"breadcrumb\":{\"@id\":\"https:\/\/romanswinedanube.hu\/portfolio\/okereszteny-mauzoleum\/#breadcrumb\"},\"inLanguage\":\"en-GB\",\"potentialAction\":[{\"@type\":\"ReadAction\",\"target\":[\"https:\/\/romanswinedanube.hu\/portfolio\/okereszteny-mauzoleum\/\"]}]},{\"@type\":\"ImageObject\",\"inLanguage\":\"en-GB\",\"@id\":\"https:\/\/romanswinedanube.hu\/portfolio\/okereszteny-mauzoleum\/#primaryimage\",\"url\":\"https:\/\/romanswinedanube.hu\/wp-content\/uploads\/2025\/07\/vilagorokseg1.png\",\"contentUrl\":\"https:\/\/romanswinedanube.hu\/wp-content\/uploads\/2025\/07\/vilagorokseg1.png\",\"width\":1486,\"height\":993},{\"@type\":\"BreadcrumbList\",\"@id\":\"https:\/\/romanswinedanube.hu\/portfolio\/okereszteny-mauzoleum\/#breadcrumb\",\"itemListElement\":[{\"@type\":\"ListItem\",\"position\":1,\"name\":\"Kezd\u0151lap\",\"item\":\"https:\/\/romanswinedanube.hu\/\"},{\"@type\":\"ListItem\",\"position\":2,\"name\":\"Portfolio\",\"item\":\"https:\/\/romanswinedanube.hu\/portfolio\/\"},{\"@type\":\"ListItem\",\"position\":3,\"name\":\"\u00d3kereszt\u00e9ny Mauz\u00f3leum\"}]},{\"@type\":\"WebSite\",\"@id\":\"https:\/\/romanswinedanube.hu\/#website\",\"url\":\"https:\/\/romanswinedanube.hu\/\",\"name\":\"Romanswinedanube.hu\",\"description\":\"R\u00f3mai fesztiv\u00e1l P\u00e9cs\",\"publisher\":{\"@id\":\"https:\/\/romanswinedanube.hu\/#organization\"},\"potentialAction\":[{\"@type\":\"SearchAction\",\"target\":{\"@type\":\"EntryPoint\",\"urlTemplate\":\"https:\/\/romanswinedanube.hu\/?s={search_term_string}\"},\"query-input\":{\"@type\":\"PropertyValueSpecification\",\"valueRequired\":true,\"valueName\":\"search_term_string\"}}],\"inLanguage\":\"en-GB\"},{\"@type\":\"Organization\",\"@id\":\"https:\/\/romanswinedanube.hu\/#organization\",\"name\":\"R\u00f3mai Fesztiv\u00e1l P\u00e9cs\",\"url\":\"https:\/\/romanswinedanube.hu\/\",\"logo\":{\"@type\":\"ImageObject\",\"inLanguage\":\"en-GB\",\"@id\":\"https:\/\/romanswinedanube.hu\/#\/schema\/logo\/image\/\",\"url\":\"https:\/\/romanswinedanube.hu\/wp-content\/uploads\/2025\/07\/cropped-0_Logo_Route-1.png\",\"contentUrl\":\"https:\/\/romanswinedanube.hu\/wp-content\/uploads\/2025\/07\/cropped-0_Logo_Route-1.png\",\"width\":1121,\"height\":1271,\"caption\":\"R\u00f3mai Fesztiv\u00e1l P\u00e9cs\"},\"image\":{\"@id\":\"https:\/\/romanswinedanube.hu\/#\/schema\/logo\/image\/\"},\"sameAs\":[\"https:\/\/www.facebook.com\/romaifesztival\"]}]}<\/script>\n<!-- \/ Yoast SEO Premium plugin. -->","yoast_head_json":{"title":"\u00d3kereszt\u00e9ny Mauz\u00f3leum - Romanswinedanube.hu","robots":{"index":"index","follow":"follow","max-snippet":"max-snippet:-1","max-image-preview":"max-image-preview:large","max-video-preview":"max-video-preview:-1"},"canonical":"https:\/\/romanswinedanube.hu\/en\/portfolio\/okereszteny-mauzoleum\/","og_locale":"en_GB","og_type":"article","og_title":"\u00d3kereszt\u00e9ny Mauz\u00f3leum","og_description":"1975-ben, mikor az addig itt l\u00e9pcs\u0151zetesen foly\u00f3 v\u00edzes\u00e9s jav\u00edt\u00e1si munk\u00e1latai folytak, bukkantak r\u00e1 az \u00d3kereszt\u00e9ny Mauz\u00f3leumnak nevezett \u00e9p\u00fcletre Ez a temet\u0151i k\u00e1polna egyike Sopianae nagyobb \u00e9p\u00fcleteinek. K\u00e9tszintes volt; a felsz\u00edni k\u00e1polna cella memoriaek\u00e9nt szolg\u00e1lt, m\u00edg a kript\u00e1ban temetkeztek. A s\u00edrkamra eredetileg egy festett helyis\u00e9gb\u0151l \u00e1llt, amelynek d\u00e9li oldal\u00e1n \u00e1llt a hatalmas, gy\u00f6ny\u00f6r\u0171en faragott szarkof\u00e1g. K\u00e9s\u0151bb a s\u00edrkamr\u00e1t nyugati ir\u00e1nyban megnagyobb\u00edtott\u00e1k \u00e9s k\u00e9t \u00fajabb szarkof\u00e1got helyeztek el benne.","og_url":"https:\/\/romanswinedanube.hu\/en\/portfolio\/okereszteny-mauzoleum\/","og_site_name":"Romanswinedanube.hu","article_publisher":"https:\/\/www.facebook.com\/romaifesztival","article_modified_time":"2025-07-17T11:51:13+00:00","og_image":[{"width":1486,"height":993,"url":"https:\/\/romanswinedanube.hu\/wp-content\/uploads\/2025\/07\/vilagorokseg1.png","type":"image\/png"}],"twitter_card":"summary_large_image","twitter_misc":{"Estimated reading time":"1 minute"},"schema":{"@context":"https:\/\/schema.org","@graph":[{"@type":"WebPage","@id":"https:\/\/romanswinedanube.hu\/portfolio\/okereszteny-mauzoleum\/","url":"https:\/\/romanswinedanube.hu\/portfolio\/okereszteny-mauzoleum\/","name":"\u00d3kereszt\u00e9ny Mauz\u00f3leum - Romanswinedanube.hu","isPartOf":{"@id":"https:\/\/romanswinedanube.hu\/#website"},"primaryImageOfPage":{"@id":"https:\/\/romanswinedanube.hu\/portfolio\/okereszteny-mauzoleum\/#primaryimage"},"image":{"@id":"https:\/\/romanswinedanube.hu\/portfolio\/okereszteny-mauzoleum\/#primaryimage"},"thumbnailUrl":"https:\/\/romanswinedanube.hu\/wp-content\/uploads\/2025\/07\/vilagorokseg1.png","datePublished":"2020-05-18T10:29:53+00:00","dateModified":"2025-07-17T11:51:13+00:00","breadcrumb":{"@id":"https:\/\/romanswinedanube.hu\/portfolio\/okereszteny-mauzoleum\/#breadcrumb"},"inLanguage":"en-GB","potentialAction":[{"@type":"ReadAction","target":["https:\/\/romanswinedanube.hu\/portfolio\/okereszteny-mauzoleum\/"]}]},{"@type":"ImageObject","inLanguage":"en-GB","@id":"https:\/\/romanswinedanube.hu\/portfolio\/okereszteny-mauzoleum\/#primaryimage","url":"https:\/\/romanswinedanube.hu\/wp-content\/uploads\/2025\/07\/vilagorokseg1.png","contentUrl":"https:\/\/romanswinedanube.hu\/wp-content\/uploads\/2025\/07\/vilagorokseg1.png","width":1486,"height":993},{"@type":"BreadcrumbList","@id":"https:\/\/romanswinedanube.hu\/portfolio\/okereszteny-mauzoleum\/#breadcrumb","itemListElement":[{"@type":"ListItem","position":1,"name":"Kezd\u0151lap","item":"https:\/\/romanswinedanube.hu\/"},{"@type":"ListItem","position":2,"name":"Portfolio","item":"https:\/\/romanswinedanube.hu\/portfolio\/"},{"@type":"ListItem","position":3,"name":"\u00d3kereszt\u00e9ny Mauz\u00f3leum"}]},{"@type":"WebSite","@id":"https:\/\/romanswinedanube.hu\/#website","url":"https:\/\/romanswinedanube.hu\/","name":"Romanswinedanube.hu","description":"Roman Festival P\u00e9cs","publisher":{"@id":"https:\/\/romanswinedanube.hu\/#organization"},"potentialAction":[{"@type":"SearchAction","target":{"@type":"EntryPoint","urlTemplate":"https:\/\/romanswinedanube.hu\/?s={search_term_string}"},"query-input":{"@type":"PropertyValueSpecification","valueRequired":true,"valueName":"search_term_string"}}],"inLanguage":"en-GB"},{"@type":"Organization","@id":"https:\/\/romanswinedanube.hu\/#organization","name":"Roman Festival P\u00e9cs","url":"https:\/\/romanswinedanube.hu\/","logo":{"@type":"ImageObject","inLanguage":"en-GB","@id":"https:\/\/romanswinedanube.hu\/#\/schema\/logo\/image\/","url":"https:\/\/romanswinedanube.hu\/wp-content\/uploads\/2025\/07\/cropped-0_Logo_Route-1.png","contentUrl":"https:\/\/romanswinedanube.hu\/wp-content\/uploads\/2025\/07\/cropped-0_Logo_Route-1.png","width":1121,"height":1271,"caption":"R\u00f3mai Fesztiv\u00e1l P\u00e9cs"},"image":{"@id":"https:\/\/romanswinedanube.hu\/#\/schema\/logo\/image\/"},"sameAs":["https:\/\/www.facebook.com\/romaifesztival"]}]}},"_links":{"self":[{"href":"https:\/\/romanswinedanube.hu\/en\/wp-json\/wp\/v2\/cpt_portfolio\/2759","targetHints":{"allow":["GET"]}}],"collection":[{"href":"https:\/\/romanswinedanube.hu\/en\/wp-json\/wp\/v2\/cpt_portfolio"}],"about":[{"href":"https:\/\/romanswinedanube.hu\/en\/wp-json\/wp\/v2\/types\/cpt_portfolio"}],"author":[{"embeddable":true,"href":"https:\/\/romanswinedanube.hu\/en\/wp-json\/wp\/v2\/users\/1"}],"replies":[{"embeddable":true,"href":"https:\/\/romanswinedanube.hu\/en\/wp-json\/wp\/v2\/comments?post=2759"}],"wp:featuredmedia":[{"embeddable":true,"href":"https:\/\/romanswinedanube.hu\/en\/wp-json\/wp\/v2\/media\/20330"}],"wp:attachment":[{"href":"https:\/\/romanswinedanube.hu\/en\/wp-json\/wp\/v2\/media?parent=2759"}],"wp:term":[{"taxonomy":"cpt_portfolio_group","embeddable":true,"href":"https:\/\/romanswinedanube.hu\/en\/wp-json\/wp\/v2\/cpt_portfolio_group?post=2759"}],"curies":[{"name":"wp","href":"https:\/\/api.w.org\/{rel}","templated":true}]}}