{"id":20490,"date":"2025-07-22T11:30:48","date_gmt":"2025-07-22T11:30:48","guid":{"rendered":"https:\/\/romanswinedanube.hu\/?post_type=tribe_events&#038;p=20490"},"modified":"2025-08-27T14:21:15","modified_gmt":"2025-08-27T14:21:15","slug":"lepj-be-a-romai-mestersegek-vilagaba","status":"publish","type":"tribe_events","link":"https:\/\/romanswinedanube.hu\/en\/event\/lepj-be-a-romai-mestersegek-vilagaba\/","title":{"rendered":"Step into the world of Roman crafts!"},"content":{"rendered":"<p><span class=\"trx_addons_accent\"><em><span style=\"font-weight: 400;\">Free programme with registration.<\/span><\/em><\/span><\/p>\n<p><span style=\"font-weight: 400;\">The secrets of ancient craftsmanship come to life in the Macellum's workshops<\/span><\/p>\n<p><span style=\"font-weight: 400;\">Visitors can not only watch but also try out the techniques used in the past. You can take home the objects you have made.<\/span><span style=\"font-weight: 400;\"><br \/>\n<\/span><span style=\"font-weight: 400;\">Participation is free of charge, but registration is required due to the limited number of participants.<\/span><\/p>\n<p><span style=\"font-weight: 400;\">Occupations:<\/span><\/p>\n<p><span class=\"trx_addons_inverse\" style=\"font-weight: 400;\">15:00 &#8211; 17:00\u00a0<\/span><\/p>\n<p><span style=\"font-weight: 400;\"><span class=\"trx_addons_accent\">Wreaths of laurel and flowers<\/span> \/ <\/span><span style=\"font-weight: 400;\">With the help of Gabriella Guly\u00e1s, traditional Roman headdresses are made from plant materials - for boys and girls alike.<\/span><\/p>\n<p><span style=\"font-weight: 400;\"><span class=\"trx_addons_accent\">Roman dressmaking<\/span> \/ <\/span><span style=\"font-weight: 400;\">Making period tunics and costumes with Dorottya Kanics - even with your own materials.<\/span><\/p>\n<p><span class=\"trx_addons_inverse\" style=\"font-weight: 400;\">15:00 &#8211; 19:00\u00a0<\/span><\/p>\n<p><span style=\"font-weight: 400;\"><span class=\"trx_addons_accent\">Toy soldiers and jewellery<\/span> \/ <\/span><span style=\"font-weight: 400;\">Aluminium casting in Blanka Gajcsi's workshop - a piece of history you can take home.<\/span><\/p>\n<p><span style=\"font-weight: 400;\"><span class=\"trx_addons_accent\">Vegetal painted canvas<\/span> \/ <\/span><span style=\"font-weight: 400;\">Under the guidance of Mara Szipl, they make cushions and toys from natural materials using traditional techniques.<\/span><\/p>\n<p><span style=\"font-weight: 400;\"><span class=\"trx_addons_accent\">Ceramics workshop<\/span> \/ <\/span><span style=\"font-weight: 400;\">Contemporary clay pot moulding and decoration led by Vir\u00e1g M\u00e1rfi.<\/span><\/p>\n<p><span style=\"font-weight: 400;\"><span class=\"trx_addons_accent\">Toy Workshop<\/span> \/ <\/span><span style=\"font-weight: 400;\">The Take My Hand Foundation is making wind chimes and other toys from natural materials - for all ages.<\/span><\/p>\n<p><span class=\"trx_addons_inverse\" style=\"font-weight: 400;\">17:00 &#8211; 19:00\u00a0<\/span><\/p>\n<p><span style=\"font-weight: 400;\"><span class=\"trx_addons_accent\">Roman perfumes and balms<\/span> \/ <\/span><span style=\"font-weight: 400;\">A fragrance workshop and balsam making with Zita Gyurokovics (Mar Galliti) and an aromatherapy workshop with Ildiko Amrein (Arura) - where everyone can make their own Roman cosmetics.<\/span><\/p>","protected":false},"excerpt":{"rendered":"<p>In the Macellum's workshops, the secrets of ancient craftsmanship come to life: toy cat casting, pottery, wreath-making or textile dyeing. In our workshops you can not only watch but also try out these ancient techniques! Make your own authentic Roman object to take home as a souvenir!<br \/>\nFree programme with registration.<\/p>","protected":false},"author":2,"featured_media":20937,"comment_status":"open","ping_status":"closed","template":"","meta":{"_tribe_events_status":"","_tribe_events_status_reason":"","footnotes":""},"tags":[],"tribe_events_cat":[195,212,213,196],"class_list":["post-20490","tribe_events","type-tribe_events","status-publish","has-post-thumbnail","hentry","tribe_events_cat-csaladi","tribe_events_cat-muveszet","tribe_events_cat-osszes-esemeny","tribe_events_cat-szakmai-program","cat_csaladi","cat_muveszet","cat_osszes-esemeny","cat_szakmai-program"],"yoast_head":"<!-- This site is optimized with the Yoast SEO Premium plugin v25.4 (Yoast SEO v25.6) - https:\/\/yoast.com\/wordpress\/plugins\/seo\/ -->\n<title>L\u00e9pj be a r\u00f3mai mesters\u00e9gek vil\u00e1g\u00e1ba! - Romanswinedanube.hu<\/title>\n<meta name=\"robots\" content=\"index, follow, max-snippet:-1, max-image-preview:large, max-video-preview:-1\" \/>\n<link rel=\"canonical\" href=\"https:\/\/romanswinedanube.hu\/en\/event\/lepj-be-a-romai-mestersegek-vilagaba\/\" \/>\n<meta property=\"og:locale\" content=\"en_GB\" \/>\n<meta property=\"og:type\" content=\"article\" \/>\n<meta property=\"og:title\" content=\"L\u00e9pj be a r\u00f3mai mesters\u00e9gek vil\u00e1g\u00e1ba!\" \/>\n<meta property=\"og:description\" content=\"A Macellum l\u00e1tv\u00e1nym\u0171helyeiben megelevenednek az \u00f3kor k\u00e9zm\u0171ves titkai: j\u00e1t\u00e9kkatona \u00f6nt\u00e9s, fazekass\u00e1g, koszor\u00fak\u00f6t\u00e9s vagy a textilfest\u00e9s. Foglalkoz\u00e1sainkon nemcsak n\u00e9zheted, de ki is pr\u00f3b\u00e1lhatod ezeket az \u0151si technik\u00e1kat! K\u00e9sz\u00edts saj\u00e1t, autentikus r\u00f3mai t\u00e1rgyat, amit eml\u00e9kbe haza is vihetsz!  Regisztr\u00e1ci\u00f3hoz k\u00f6t\u00f6tt ingyenes program.\" \/>\n<meta property=\"og:url\" content=\"https:\/\/romanswinedanube.hu\/en\/event\/lepj-be-a-romai-mestersegek-vilagaba\/\" \/>\n<meta property=\"og:site_name\" content=\"Romanswinedanube.hu\" \/>\n<meta property=\"article:publisher\" content=\"https:\/\/www.facebook.com\/romaifesztival\" \/>\n<meta property=\"article:modified_time\" content=\"2025-08-27T14:21:15+00:00\" \/>\n<meta property=\"og:image\" content=\"https:\/\/romanswinedanube.hu\/wp-content\/uploads\/2025\/07\/Nevtelen-terv.png\" \/>\n\t<meta property=\"og:image:width\" content=\"600\" \/>\n\t<meta property=\"og:image:height\" content=\"450\" \/>\n\t<meta property=\"og:image:type\" content=\"image\/png\" \/>\n<meta name=\"twitter:card\" content=\"summary_large_image\" \/>\n<meta name=\"twitter:label1\" content=\"Estimated reading time\" \/>\n\t<meta name=\"twitter:data1\" content=\"2 minutes\" \/>\n<script type=\"application\/ld+json\" class=\"yoast-schema-graph\">{\"@context\":\"https:\/\/schema.org\",\"@graph\":[{\"@type\":\"WebPage\",\"@id\":\"https:\/\/romanswinedanube.hu\/event\/lepj-be-a-romai-mestersegek-vilagaba\/\",\"url\":\"https:\/\/romanswinedanube.hu\/event\/lepj-be-a-romai-mestersegek-vilagaba\/\",\"name\":\"L\u00e9pj be a r\u00f3mai mesters\u00e9gek vil\u00e1g\u00e1ba! - Romanswinedanube.hu\",\"isPartOf\":{\"@id\":\"https:\/\/romanswinedanube.hu\/#website\"},\"primaryImageOfPage\":{\"@id\":\"https:\/\/romanswinedanube.hu\/event\/lepj-be-a-romai-mestersegek-vilagaba\/#primaryimage\"},\"image\":{\"@id\":\"https:\/\/romanswinedanube.hu\/event\/lepj-be-a-romai-mestersegek-vilagaba\/#primaryimage\"},\"thumbnailUrl\":\"https:\/\/romanswinedanube.hu\/wp-content\/uploads\/2025\/07\/Nevtelen-terv.png\",\"datePublished\":\"2025-07-22T11:30:48+00:00\",\"dateModified\":\"2025-08-27T14:21:15+00:00\",\"breadcrumb\":{\"@id\":\"https:\/\/romanswinedanube.hu\/event\/lepj-be-a-romai-mestersegek-vilagaba\/#breadcrumb\"},\"inLanguage\":\"en-GB\",\"potentialAction\":[{\"@type\":\"ReadAction\",\"target\":[\"https:\/\/romanswinedanube.hu\/event\/lepj-be-a-romai-mestersegek-vilagaba\/\"]}]},{\"@type\":\"ImageObject\",\"inLanguage\":\"en-GB\",\"@id\":\"https:\/\/romanswinedanube.hu\/event\/lepj-be-a-romai-mestersegek-vilagaba\/#primaryimage\",\"url\":\"https:\/\/romanswinedanube.hu\/wp-content\/uploads\/2025\/07\/Nevtelen-terv.png\",\"contentUrl\":\"https:\/\/romanswinedanube.hu\/wp-content\/uploads\/2025\/07\/Nevtelen-terv.png\",\"width\":600,\"height\":450},{\"@type\":\"BreadcrumbList\",\"@id\":\"https:\/\/romanswinedanube.hu\/event\/lepj-be-a-romai-mestersegek-vilagaba\/#breadcrumb\",\"itemListElement\":[{\"@type\":\"ListItem\",\"position\":1,\"name\":\"Kezd\u0151lap\",\"item\":\"https:\/\/romanswinedanube.hu\/\"},{\"@type\":\"ListItem\",\"position\":2,\"name\":\"Esem\u00e9nyek\",\"item\":\"https:\/\/romanswinedanube.hu\/events\/\"},{\"@type\":\"ListItem\",\"position\":3,\"name\":\"L\u00e9pj be a r\u00f3mai mesters\u00e9gek vil\u00e1g\u00e1ba!\"}]},{\"@type\":\"WebSite\",\"@id\":\"https:\/\/romanswinedanube.hu\/#website\",\"url\":\"https:\/\/romanswinedanube.hu\/\",\"name\":\"Romanswinedanube.hu\",\"description\":\"R\u00f3mai fesztiv\u00e1l P\u00e9cs\",\"publisher\":{\"@id\":\"https:\/\/romanswinedanube.hu\/#organization\"},\"potentialAction\":[{\"@type\":\"SearchAction\",\"target\":{\"@type\":\"EntryPoint\",\"urlTemplate\":\"https:\/\/romanswinedanube.hu\/?s={search_term_string}\"},\"query-input\":{\"@type\":\"PropertyValueSpecification\",\"valueRequired\":true,\"valueName\":\"search_term_string\"}}],\"inLanguage\":\"en-GB\"},{\"@type\":\"Organization\",\"@id\":\"https:\/\/romanswinedanube.hu\/#organization\",\"name\":\"R\u00f3mai Fesztiv\u00e1l P\u00e9cs\",\"url\":\"https:\/\/romanswinedanube.hu\/\",\"logo\":{\"@type\":\"ImageObject\",\"inLanguage\":\"en-GB\",\"@id\":\"https:\/\/romanswinedanube.hu\/#\/schema\/logo\/image\/\",\"url\":\"https:\/\/romanswinedanube.hu\/wp-content\/uploads\/2025\/07\/cropped-0_Logo_Route-1.png\",\"contentUrl\":\"https:\/\/romanswinedanube.hu\/wp-content\/uploads\/2025\/07\/cropped-0_Logo_Route-1.png\",\"width\":1121,\"height\":1271,\"caption\":\"R\u00f3mai Fesztiv\u00e1l P\u00e9cs\"},\"image\":{\"@id\":\"https:\/\/romanswinedanube.hu\/#\/schema\/logo\/image\/\"},\"sameAs\":[\"https:\/\/www.facebook.com\/romaifesztival\"]}]}<\/script>\n<!-- \/ Yoast SEO Premium plugin. -->","yoast_head_json":{"title":"L\u00e9pj be a r\u00f3mai mesters\u00e9gek vil\u00e1g\u00e1ba! - Romanswinedanube.hu","robots":{"index":"index","follow":"follow","max-snippet":"max-snippet:-1","max-image-preview":"max-image-preview:large","max-video-preview":"max-video-preview:-1"},"canonical":"https:\/\/romanswinedanube.hu\/en\/event\/lepj-be-a-romai-mestersegek-vilagaba\/","og_locale":"en_GB","og_type":"article","og_title":"L\u00e9pj be a r\u00f3mai mesters\u00e9gek vil\u00e1g\u00e1ba!","og_description":"A Macellum l\u00e1tv\u00e1nym\u0171helyeiben megelevenednek az \u00f3kor k\u00e9zm\u0171ves titkai: j\u00e1t\u00e9kkatona \u00f6nt\u00e9s, fazekass\u00e1g, koszor\u00fak\u00f6t\u00e9s vagy a textilfest\u00e9s. Foglalkoz\u00e1sainkon nemcsak n\u00e9zheted, de ki is pr\u00f3b\u00e1lhatod ezeket az \u0151si technik\u00e1kat! K\u00e9sz\u00edts saj\u00e1t, autentikus r\u00f3mai t\u00e1rgyat, amit eml\u00e9kbe haza is vihetsz!  Regisztr\u00e1ci\u00f3hoz k\u00f6t\u00f6tt ingyenes program.","og_url":"https:\/\/romanswinedanube.hu\/en\/event\/lepj-be-a-romai-mestersegek-vilagaba\/","og_site_name":"Romanswinedanube.hu","article_publisher":"https:\/\/www.facebook.com\/romaifesztival","article_modified_time":"2025-08-27T14:21:15+00:00","og_image":[{"width":600,"height":450,"url":"https:\/\/romanswinedanube.hu\/wp-content\/uploads\/2025\/07\/Nevtelen-terv.png","type":"image\/png"}],"twitter_card":"summary_large_image","twitter_misc":{"Estimated reading time":"2 minutes"},"schema":{"@context":"https:\/\/schema.org","@graph":[{"@type":"WebPage","@id":"https:\/\/romanswinedanube.hu\/event\/lepj-be-a-romai-mestersegek-vilagaba\/","url":"https:\/\/romanswinedanube.hu\/event\/lepj-be-a-romai-mestersegek-vilagaba\/","name":"L\u00e9pj be a r\u00f3mai mesters\u00e9gek vil\u00e1g\u00e1ba! - Romanswinedanube.hu","isPartOf":{"@id":"https:\/\/romanswinedanube.hu\/#website"},"primaryImageOfPage":{"@id":"https:\/\/romanswinedanube.hu\/event\/lepj-be-a-romai-mestersegek-vilagaba\/#primaryimage"},"image":{"@id":"https:\/\/romanswinedanube.hu\/event\/lepj-be-a-romai-mestersegek-vilagaba\/#primaryimage"},"thumbnailUrl":"https:\/\/romanswinedanube.hu\/wp-content\/uploads\/2025\/07\/Nevtelen-terv.png","datePublished":"2025-07-22T11:30:48+00:00","dateModified":"2025-08-27T14:21:15+00:00","breadcrumb":{"@id":"https:\/\/romanswinedanube.hu\/event\/lepj-be-a-romai-mestersegek-vilagaba\/#breadcrumb"},"inLanguage":"en-GB","potentialAction":[{"@type":"ReadAction","target":["https:\/\/romanswinedanube.hu\/event\/lepj-be-a-romai-mestersegek-vilagaba\/"]}]},{"@type":"ImageObject","inLanguage":"en-GB","@id":"https:\/\/romanswinedanube.hu\/event\/lepj-be-a-romai-mestersegek-vilagaba\/#primaryimage","url":"https:\/\/romanswinedanube.hu\/wp-content\/uploads\/2025\/07\/Nevtelen-terv.png","contentUrl":"https:\/\/romanswinedanube.hu\/wp-content\/uploads\/2025\/07\/Nevtelen-terv.png","width":600,"height":450},{"@type":"BreadcrumbList","@id":"https:\/\/romanswinedanube.hu\/event\/lepj-be-a-romai-mestersegek-vilagaba\/#breadcrumb","itemListElement":[{"@type":"ListItem","position":1,"name":"Kezd\u0151lap","item":"https:\/\/romanswinedanube.hu\/"},{"@type":"ListItem","position":2,"name":"Esem\u00e9nyek","item":"https:\/\/romanswinedanube.hu\/events\/"},{"@type":"ListItem","position":3,"name":"L\u00e9pj be a r\u00f3mai mesters\u00e9gek vil\u00e1g\u00e1ba!"}]},{"@type":"WebSite","@id":"https:\/\/romanswinedanube.hu\/#website","url":"https:\/\/romanswinedanube.hu\/","name":"Romanswinedanube.hu","description":"Roman Festival P\u00e9cs","publisher":{"@id":"https:\/\/romanswinedanube.hu\/#organization"},"potentialAction":[{"@type":"SearchAction","target":{"@type":"EntryPoint","urlTemplate":"https:\/\/romanswinedanube.hu\/?s={search_term_string}"},"query-input":{"@type":"PropertyValueSpecification","valueRequired":true,"valueName":"search_term_string"}}],"inLanguage":"en-GB"},{"@type":"Organization","@id":"https:\/\/romanswinedanube.hu\/#organization","name":"Roman Festival P\u00e9cs","url":"https:\/\/romanswinedanube.hu\/","logo":{"@type":"ImageObject","inLanguage":"en-GB","@id":"https:\/\/romanswinedanube.hu\/#\/schema\/logo\/image\/","url":"https:\/\/romanswinedanube.hu\/wp-content\/uploads\/2025\/07\/cropped-0_Logo_Route-1.png","contentUrl":"https:\/\/romanswinedanube.hu\/wp-content\/uploads\/2025\/07\/cropped-0_Logo_Route-1.png","width":1121,"height":1271,"caption":"R\u00f3mai Fesztiv\u00e1l P\u00e9cs"},"image":{"@id":"https:\/\/romanswinedanube.hu\/#\/schema\/logo\/image\/"},"sameAs":["https:\/\/www.facebook.com\/romaifesztival"]}]}},"_links":{"self":[{"href":"https:\/\/romanswinedanube.hu\/en\/wp-json\/wp\/v2\/tribe_events\/20490","targetHints":{"allow":["GET"]}}],"collection":[{"href":"https:\/\/romanswinedanube.hu\/en\/wp-json\/wp\/v2\/tribe_events"}],"about":[{"href":"https:\/\/romanswinedanube.hu\/en\/wp-json\/wp\/v2\/types\/tribe_events"}],"author":[{"embeddable":true,"href":"https:\/\/romanswinedanube.hu\/en\/wp-json\/wp\/v2\/users\/2"}],"replies":[{"embeddable":true,"href":"https:\/\/romanswinedanube.hu\/en\/wp-json\/wp\/v2\/comments?post=20490"}],"version-history":[{"count":0,"href":"https:\/\/romanswinedanube.hu\/en\/wp-json\/wp\/v2\/tribe_events\/20490\/revisions"}],"wp:featuredmedia":[{"embeddable":true,"href":"https:\/\/romanswinedanube.hu\/en\/wp-json\/wp\/v2\/media\/20937"}],"wp:attachment":[{"href":"https:\/\/romanswinedanube.hu\/en\/wp-json\/wp\/v2\/media?parent=20490"}],"wp:term":[{"taxonomy":"post_tag","embeddable":true,"href":"https:\/\/romanswinedanube.hu\/en\/wp-json\/wp\/v2\/tags?post=20490"},{"taxonomy":"tribe_events_cat","embeddable":true,"href":"https:\/\/romanswinedanube.hu\/en\/wp-json\/wp\/v2\/tribe_events_cat?post=20490"}],"curies":[{"name":"wp","href":"https:\/\/api.w.org\/{rel}","templated":true}]}}