{"id":20492,"date":"2025-07-22T11:33:20","date_gmt":"2025-07-22T11:33:20","guid":{"rendered":"https:\/\/romanswinedanube.hu\/?post_type=tribe_events&#038;p=20492"},"modified":"2025-08-27T14:20:29","modified_gmt":"2025-08-27T14:20:29","slug":"ludus-funebris","status":"publish","type":"tribe_events","link":"https:\/\/romanswinedanube.hu\/en\/event\/ludus-funebris\/","title":{"rendered":"Ludus Funebris"},"content":{"rendered":"<p><span class=\"trx_addons_accent\"><b>Ludus Funebris<\/b><\/span><\/p>\n<p><span style=\"font-weight: 400;\">An acting performance brings to life the distinctive figures of the ancient Sopianae cemetery, telling the story of the people who once lived there. At the Cella Septichora tomb, we meet the mimic who accompanies the dead on their final journey, and who, in keeping with Roman funerary tradition, tells the stories of famous Roman characters with exaggerated gestures and joking turns of phrase.<\/span><span style=\"font-weight: 400;\"><br \/>\n<\/span><span style=\"font-weight: 400;\"> In the memorial chapel of the Kors\u00f3s tomb, the mourning widow comes to life, and through her tears we learn all about the relationship to death and funeral rites in the late Roman period.<\/span><span style=\"font-weight: 400;\"><br \/>\n<\/span><span style=\"font-weight: 400;\"> In the space of brick tombs and sarcophagi, the archaeologist emerges, who sees the history of bygone ages through the glasses of the omniscient 21st century. In the octagon of Tomb V, the debate between ancient pagan and Christian philosophies of life comes to life, set to music.<\/span><\/p>","protected":false},"excerpt":{"rendered":"<p>An acting performance brings to life the distinctive figures of the ancient Sopianae cemetery, telling the story of the people who once lived there.<\/p>","protected":false},"author":2,"featured_media":21039,"comment_status":"open","ping_status":"closed","template":"","meta":{"_tribe_events_status":"","_tribe_events_status_reason":"","footnotes":""},"tags":[],"tribe_events_cat":[195,212,213,196],"class_list":["post-20492","tribe_events","type-tribe_events","status-publish","has-post-thumbnail","hentry","tribe_events_cat-csaladi","tribe_events_cat-muveszet","tribe_events_cat-osszes-esemeny","tribe_events_cat-szakmai-program","cat_csaladi","cat_muveszet","cat_osszes-esemeny","cat_szakmai-program"],"yoast_head":"<!-- This site is optimized with the Yoast SEO Premium plugin v25.4 (Yoast SEO v25.6) - https:\/\/yoast.com\/wordpress\/plugins\/seo\/ -->\n<title>Ludus Funebris - Romanswinedanube.hu<\/title>\n<meta name=\"description\" content=\"Sz\u00edn\u00e9szi j\u00e1t\u00e9k h\u00edvja \u00e9letre az \u00f3kori sopianae-i temet\u0151 jellegzetes alakjait, \u00edgy mes\u00e9lve a valaha itt \u00e9ltek t\u00f6rt\u00e9net\u00e9r\u0151l. A Cella Septichora s\u00edreml\u00e9kn\u00e9l tal\u00e1lkozunk a halottat utols\u00f3 \u00fatj\u00e1ra k\u00eds\u00e9r\u0151 mimusszal, aki r\u00f3mai temet\u00e9si szok\u00e1shoz h\u00edven elnagyolt mozdulatokkal, tr\u00e9f\u00e1s sz\u00f3fordulatokkal eleven\u00edti fel h\u00edres r\u00f3mai karakterek t\u00f6rt\u00e9net\u00e9t. A Kors\u00f3s s\u00edrkamra eml\u00e9kk\u00e1poln\u00e1j\u00e1ban megelevenedik a gy\u00e1szol\u00f3 \u00f6zvegy, akinek k\u00f6nnyein \u00e1t mindent megtudunk a k\u00e9s\u0151r\u00f3mai hal\u00e1lhoz val\u00f3 viszonyr\u00f3l, temetkez\u00e9si szertart\u00e1sr\u00f3l. T\u00e9glas\u00edrok, szarkof\u00e1gok ter\u00e9ben felbukkan a r\u00e9g\u00e9sz, aki a mindentud\u00f3 21. sz\u00e1zad szem\u00fcveg\u00e9vel l\u00e1ttatja let\u0171nt korok t\u00f6rt\u00e9net\u00e9t. Az V. sz\u00e1m\u00fa s\u00edrkamra nyolcsz\u00f6g\u00e9ben \u00e9letre kel az \u00f3kori pog\u00e1ny \u00e9s kereszt\u00e9ny \u00e9letfiloz\u00f3fia vit\u00e1ja zenei al\u00e1fest\u00e9ssel.\" \/>\n<meta name=\"robots\" content=\"index, follow, max-snippet:-1, max-image-preview:large, max-video-preview:-1\" \/>\n<link rel=\"canonical\" href=\"https:\/\/romanswinedanube.hu\/en\/event\/ludus-funebris\/\" \/>\n<meta property=\"og:locale\" content=\"en_GB\" \/>\n<meta property=\"og:type\" content=\"article\" \/>\n<meta property=\"og:title\" content=\"Ludus Funebris\" \/>\n<meta property=\"og:description\" content=\"Sz\u00edn\u00e9szi j\u00e1t\u00e9k h\u00edvja \u00e9letre az \u00f3kori sopianae-i temet\u0151 jellegzetes alakjait, \u00edgy mes\u00e9lve a valaha itt \u00e9ltek t\u00f6rt\u00e9net\u00e9r\u0151l. A Cella Septichora s\u00edreml\u00e9kn\u00e9l tal\u00e1lkozunk a halottat utols\u00f3 \u00fatj\u00e1ra k\u00eds\u00e9r\u0151 mimusszal, aki r\u00f3mai temet\u00e9si szok\u00e1shoz h\u00edven elnagyolt mozdulatokkal, tr\u00e9f\u00e1s sz\u00f3fordulatokkal eleven\u00edti fel h\u00edres r\u00f3mai karakterek t\u00f6rt\u00e9net\u00e9t. A Kors\u00f3s s\u00edrkamra eml\u00e9kk\u00e1poln\u00e1j\u00e1ban megelevenedik a gy\u00e1szol\u00f3 \u00f6zvegy, akinek k\u00f6nnyein \u00e1t mindent megtudunk a k\u00e9s\u0151r\u00f3mai hal\u00e1lhoz val\u00f3 viszonyr\u00f3l, temetkez\u00e9si szertart\u00e1sr\u00f3l. T\u00e9glas\u00edrok, szarkof\u00e1gok ter\u00e9ben felbukkan a r\u00e9g\u00e9sz, aki a mindentud\u00f3 21. sz\u00e1zad szem\u00fcveg\u00e9vel l\u00e1ttatja let\u0171nt korok t\u00f6rt\u00e9net\u00e9t. Az V. sz\u00e1m\u00fa s\u00edrkamra nyolcsz\u00f6g\u00e9ben \u00e9letre kel az \u00f3kori pog\u00e1ny \u00e9s kereszt\u00e9ny \u00e9letfiloz\u00f3fia vit\u00e1ja zenei al\u00e1fest\u00e9ssel.\" \/>\n<meta property=\"og:url\" content=\"https:\/\/romanswinedanube.hu\/en\/event\/ludus-funebris\/\" \/>\n<meta property=\"og:site_name\" content=\"Romanswinedanube.hu\" \/>\n<meta property=\"article:publisher\" content=\"https:\/\/www.facebook.com\/romaifesztival\" \/>\n<meta property=\"article:modified_time\" content=\"2025-08-27T14:20:29+00:00\" \/>\n<meta property=\"og:image\" content=\"https:\/\/romanswinedanube.hu\/wp-content\/uploads\/2025\/07\/ludus-jo.jpg\" \/>\n\t<meta property=\"og:image:width\" content=\"1518\" \/>\n\t<meta property=\"og:image:height\" content=\"1001\" \/>\n\t<meta property=\"og:image:type\" content=\"image\/jpeg\" \/>\n<meta name=\"twitter:card\" content=\"summary_large_image\" \/>\n<meta name=\"twitter:label1\" content=\"Estimated reading time\" \/>\n\t<meta name=\"twitter:data1\" content=\"1 minute\" \/>\n<script type=\"application\/ld+json\" class=\"yoast-schema-graph\">{\"@context\":\"https:\/\/schema.org\",\"@graph\":[{\"@type\":\"WebPage\",\"@id\":\"https:\/\/romanswinedanube.hu\/event\/ludus-funebris\/\",\"url\":\"https:\/\/romanswinedanube.hu\/event\/ludus-funebris\/\",\"name\":\"Ludus Funebris - Romanswinedanube.hu\",\"isPartOf\":{\"@id\":\"https:\/\/romanswinedanube.hu\/#website\"},\"primaryImageOfPage\":{\"@id\":\"https:\/\/romanswinedanube.hu\/event\/ludus-funebris\/#primaryimage\"},\"image\":{\"@id\":\"https:\/\/romanswinedanube.hu\/event\/ludus-funebris\/#primaryimage\"},\"thumbnailUrl\":\"https:\/\/romanswinedanube.hu\/wp-content\/uploads\/2025\/07\/ludus-jo.jpg\",\"datePublished\":\"2025-07-22T11:33:20+00:00\",\"dateModified\":\"2025-08-27T14:20:29+00:00\",\"description\":\"Sz\u00edn\u00e9szi j\u00e1t\u00e9k h\u00edvja \u00e9letre az \u00f3kori sopianae-i temet\u0151 jellegzetes alakjait, \u00edgy mes\u00e9lve a valaha itt \u00e9ltek t\u00f6rt\u00e9net\u00e9r\u0151l. A Cella Septichora s\u00edreml\u00e9kn\u00e9l tal\u00e1lkozunk a halottat utols\u00f3 \u00fatj\u00e1ra k\u00eds\u00e9r\u0151 mimusszal, aki r\u00f3mai temet\u00e9si szok\u00e1shoz h\u00edven elnagyolt mozdulatokkal, tr\u00e9f\u00e1s sz\u00f3fordulatokkal eleven\u00edti fel h\u00edres r\u00f3mai karakterek t\u00f6rt\u00e9net\u00e9t. A Kors\u00f3s s\u00edrkamra eml\u00e9kk\u00e1poln\u00e1j\u00e1ban megelevenedik a gy\u00e1szol\u00f3 \u00f6zvegy, akinek k\u00f6nnyein \u00e1t mindent megtudunk a k\u00e9s\u0151r\u00f3mai hal\u00e1lhoz val\u00f3 viszonyr\u00f3l, temetkez\u00e9si szertart\u00e1sr\u00f3l. T\u00e9glas\u00edrok, szarkof\u00e1gok ter\u00e9ben felbukkan a r\u00e9g\u00e9sz, aki a mindentud\u00f3 21. sz\u00e1zad szem\u00fcveg\u00e9vel l\u00e1ttatja let\u0171nt korok t\u00f6rt\u00e9net\u00e9t. Az V. sz\u00e1m\u00fa s\u00edrkamra nyolcsz\u00f6g\u00e9ben \u00e9letre kel az \u00f3kori pog\u00e1ny \u00e9s kereszt\u00e9ny \u00e9letfiloz\u00f3fia vit\u00e1ja zenei al\u00e1fest\u00e9ssel.\",\"breadcrumb\":{\"@id\":\"https:\/\/romanswinedanube.hu\/event\/ludus-funebris\/#breadcrumb\"},\"inLanguage\":\"en-GB\",\"potentialAction\":[{\"@type\":\"ReadAction\",\"target\":[\"https:\/\/romanswinedanube.hu\/event\/ludus-funebris\/\"]}]},{\"@type\":\"ImageObject\",\"inLanguage\":\"en-GB\",\"@id\":\"https:\/\/romanswinedanube.hu\/event\/ludus-funebris\/#primaryimage\",\"url\":\"https:\/\/romanswinedanube.hu\/wp-content\/uploads\/2025\/07\/ludus-jo.jpg\",\"contentUrl\":\"https:\/\/romanswinedanube.hu\/wp-content\/uploads\/2025\/07\/ludus-jo.jpg\",\"width\":1518,\"height\":1001},{\"@type\":\"BreadcrumbList\",\"@id\":\"https:\/\/romanswinedanube.hu\/event\/ludus-funebris\/#breadcrumb\",\"itemListElement\":[{\"@type\":\"ListItem\",\"position\":1,\"name\":\"Kezd\u0151lap\",\"item\":\"https:\/\/romanswinedanube.hu\/\"},{\"@type\":\"ListItem\",\"position\":2,\"name\":\"Esem\u00e9nyek\",\"item\":\"https:\/\/romanswinedanube.hu\/events\/\"},{\"@type\":\"ListItem\",\"position\":3,\"name\":\"Ludus Funebris\"}]},{\"@type\":\"WebSite\",\"@id\":\"https:\/\/romanswinedanube.hu\/#website\",\"url\":\"https:\/\/romanswinedanube.hu\/\",\"name\":\"Romanswinedanube.hu\",\"description\":\"R\u00f3mai fesztiv\u00e1l P\u00e9cs\",\"publisher\":{\"@id\":\"https:\/\/romanswinedanube.hu\/#organization\"},\"potentialAction\":[{\"@type\":\"SearchAction\",\"target\":{\"@type\":\"EntryPoint\",\"urlTemplate\":\"https:\/\/romanswinedanube.hu\/?s={search_term_string}\"},\"query-input\":{\"@type\":\"PropertyValueSpecification\",\"valueRequired\":true,\"valueName\":\"search_term_string\"}}],\"inLanguage\":\"en-GB\"},{\"@type\":\"Organization\",\"@id\":\"https:\/\/romanswinedanube.hu\/#organization\",\"name\":\"R\u00f3mai Fesztiv\u00e1l P\u00e9cs\",\"url\":\"https:\/\/romanswinedanube.hu\/\",\"logo\":{\"@type\":\"ImageObject\",\"inLanguage\":\"en-GB\",\"@id\":\"https:\/\/romanswinedanube.hu\/#\/schema\/logo\/image\/\",\"url\":\"https:\/\/romanswinedanube.hu\/wp-content\/uploads\/2025\/07\/cropped-0_Logo_Route-1.png\",\"contentUrl\":\"https:\/\/romanswinedanube.hu\/wp-content\/uploads\/2025\/07\/cropped-0_Logo_Route-1.png\",\"width\":1121,\"height\":1271,\"caption\":\"R\u00f3mai Fesztiv\u00e1l P\u00e9cs\"},\"image\":{\"@id\":\"https:\/\/romanswinedanube.hu\/#\/schema\/logo\/image\/\"},\"sameAs\":[\"https:\/\/www.facebook.com\/romaifesztival\"]}]}<\/script>\n<!-- \/ Yoast SEO Premium plugin. -->","yoast_head_json":{"title":"Ludus Funebris - Romanswinedanube.hu","description":"Sz\u00edn\u00e9szi j\u00e1t\u00e9k h\u00edvja \u00e9letre az \u00f3kori sopianae-i temet\u0151 jellegzetes alakjait, \u00edgy mes\u00e9lve a valaha itt \u00e9ltek t\u00f6rt\u00e9net\u00e9r\u0151l. A Cella Septichora s\u00edreml\u00e9kn\u00e9l tal\u00e1lkozunk a halottat utols\u00f3 \u00fatj\u00e1ra k\u00eds\u00e9r\u0151 mimusszal, aki r\u00f3mai temet\u00e9si szok\u00e1shoz h\u00edven elnagyolt mozdulatokkal, tr\u00e9f\u00e1s sz\u00f3fordulatokkal eleven\u00edti fel h\u00edres r\u00f3mai karakterek t\u00f6rt\u00e9net\u00e9t. A Kors\u00f3s s\u00edrkamra eml\u00e9kk\u00e1poln\u00e1j\u00e1ban megelevenedik a gy\u00e1szol\u00f3 \u00f6zvegy, akinek k\u00f6nnyein \u00e1t mindent megtudunk a k\u00e9s\u0151r\u00f3mai hal\u00e1lhoz val\u00f3 viszonyr\u00f3l, temetkez\u00e9si szertart\u00e1sr\u00f3l. T\u00e9glas\u00edrok, szarkof\u00e1gok ter\u00e9ben felbukkan a r\u00e9g\u00e9sz, aki a mindentud\u00f3 21. sz\u00e1zad szem\u00fcveg\u00e9vel l\u00e1ttatja let\u0171nt korok t\u00f6rt\u00e9net\u00e9t. Az V. sz\u00e1m\u00fa s\u00edrkamra nyolcsz\u00f6g\u00e9ben \u00e9letre kel az \u00f3kori pog\u00e1ny \u00e9s kereszt\u00e9ny \u00e9letfiloz\u00f3fia vit\u00e1ja zenei al\u00e1fest\u00e9ssel.","robots":{"index":"index","follow":"follow","max-snippet":"max-snippet:-1","max-image-preview":"max-image-preview:large","max-video-preview":"max-video-preview:-1"},"canonical":"https:\/\/romanswinedanube.hu\/en\/event\/ludus-funebris\/","og_locale":"en_GB","og_type":"article","og_title":"Ludus Funebris","og_description":"Sz\u00edn\u00e9szi j\u00e1t\u00e9k h\u00edvja \u00e9letre az \u00f3kori sopianae-i temet\u0151 jellegzetes alakjait, \u00edgy mes\u00e9lve a valaha itt \u00e9ltek t\u00f6rt\u00e9net\u00e9r\u0151l. A Cella Septichora s\u00edreml\u00e9kn\u00e9l tal\u00e1lkozunk a halottat utols\u00f3 \u00fatj\u00e1ra k\u00eds\u00e9r\u0151 mimusszal, aki r\u00f3mai temet\u00e9si szok\u00e1shoz h\u00edven elnagyolt mozdulatokkal, tr\u00e9f\u00e1s sz\u00f3fordulatokkal eleven\u00edti fel h\u00edres r\u00f3mai karakterek t\u00f6rt\u00e9net\u00e9t. A Kors\u00f3s s\u00edrkamra eml\u00e9kk\u00e1poln\u00e1j\u00e1ban megelevenedik a gy\u00e1szol\u00f3 \u00f6zvegy, akinek k\u00f6nnyein \u00e1t mindent megtudunk a k\u00e9s\u0151r\u00f3mai hal\u00e1lhoz val\u00f3 viszonyr\u00f3l, temetkez\u00e9si szertart\u00e1sr\u00f3l. T\u00e9glas\u00edrok, szarkof\u00e1gok ter\u00e9ben felbukkan a r\u00e9g\u00e9sz, aki a mindentud\u00f3 21. sz\u00e1zad szem\u00fcveg\u00e9vel l\u00e1ttatja let\u0171nt korok t\u00f6rt\u00e9net\u00e9t. Az V. sz\u00e1m\u00fa s\u00edrkamra nyolcsz\u00f6g\u00e9ben \u00e9letre kel az \u00f3kori pog\u00e1ny \u00e9s kereszt\u00e9ny \u00e9letfiloz\u00f3fia vit\u00e1ja zenei al\u00e1fest\u00e9ssel.","og_url":"https:\/\/romanswinedanube.hu\/en\/event\/ludus-funebris\/","og_site_name":"Romanswinedanube.hu","article_publisher":"https:\/\/www.facebook.com\/romaifesztival","article_modified_time":"2025-08-27T14:20:29+00:00","og_image":[{"width":1518,"height":1001,"url":"https:\/\/romanswinedanube.hu\/wp-content\/uploads\/2025\/07\/ludus-jo.jpg","type":"image\/jpeg"}],"twitter_card":"summary_large_image","twitter_misc":{"Estimated reading time":"1 minute"},"schema":{"@context":"https:\/\/schema.org","@graph":[{"@type":"WebPage","@id":"https:\/\/romanswinedanube.hu\/event\/ludus-funebris\/","url":"https:\/\/romanswinedanube.hu\/event\/ludus-funebris\/","name":"Ludus Funebris - Romanswinedanube.hu","isPartOf":{"@id":"https:\/\/romanswinedanube.hu\/#website"},"primaryImageOfPage":{"@id":"https:\/\/romanswinedanube.hu\/event\/ludus-funebris\/#primaryimage"},"image":{"@id":"https:\/\/romanswinedanube.hu\/event\/ludus-funebris\/#primaryimage"},"thumbnailUrl":"https:\/\/romanswinedanube.hu\/wp-content\/uploads\/2025\/07\/ludus-jo.jpg","datePublished":"2025-07-22T11:33:20+00:00","dateModified":"2025-08-27T14:20:29+00:00","description":"Sz\u00edn\u00e9szi j\u00e1t\u00e9k h\u00edvja \u00e9letre az \u00f3kori sopianae-i temet\u0151 jellegzetes alakjait, \u00edgy mes\u00e9lve a valaha itt \u00e9ltek t\u00f6rt\u00e9net\u00e9r\u0151l. A Cella Septichora s\u00edreml\u00e9kn\u00e9l tal\u00e1lkozunk a halottat utols\u00f3 \u00fatj\u00e1ra k\u00eds\u00e9r\u0151 mimusszal, aki r\u00f3mai temet\u00e9si szok\u00e1shoz h\u00edven elnagyolt mozdulatokkal, tr\u00e9f\u00e1s sz\u00f3fordulatokkal eleven\u00edti fel h\u00edres r\u00f3mai karakterek t\u00f6rt\u00e9net\u00e9t. A Kors\u00f3s s\u00edrkamra eml\u00e9kk\u00e1poln\u00e1j\u00e1ban megelevenedik a gy\u00e1szol\u00f3 \u00f6zvegy, akinek k\u00f6nnyein \u00e1t mindent megtudunk a k\u00e9s\u0151r\u00f3mai hal\u00e1lhoz val\u00f3 viszonyr\u00f3l, temetkez\u00e9si szertart\u00e1sr\u00f3l. T\u00e9glas\u00edrok, szarkof\u00e1gok ter\u00e9ben felbukkan a r\u00e9g\u00e9sz, aki a mindentud\u00f3 21. sz\u00e1zad szem\u00fcveg\u00e9vel l\u00e1ttatja let\u0171nt korok t\u00f6rt\u00e9net\u00e9t. Az V. sz\u00e1m\u00fa s\u00edrkamra nyolcsz\u00f6g\u00e9ben \u00e9letre kel az \u00f3kori pog\u00e1ny \u00e9s kereszt\u00e9ny \u00e9letfiloz\u00f3fia vit\u00e1ja zenei al\u00e1fest\u00e9ssel.","breadcrumb":{"@id":"https:\/\/romanswinedanube.hu\/event\/ludus-funebris\/#breadcrumb"},"inLanguage":"en-GB","potentialAction":[{"@type":"ReadAction","target":["https:\/\/romanswinedanube.hu\/event\/ludus-funebris\/"]}]},{"@type":"ImageObject","inLanguage":"en-GB","@id":"https:\/\/romanswinedanube.hu\/event\/ludus-funebris\/#primaryimage","url":"https:\/\/romanswinedanube.hu\/wp-content\/uploads\/2025\/07\/ludus-jo.jpg","contentUrl":"https:\/\/romanswinedanube.hu\/wp-content\/uploads\/2025\/07\/ludus-jo.jpg","width":1518,"height":1001},{"@type":"BreadcrumbList","@id":"https:\/\/romanswinedanube.hu\/event\/ludus-funebris\/#breadcrumb","itemListElement":[{"@type":"ListItem","position":1,"name":"Kezd\u0151lap","item":"https:\/\/romanswinedanube.hu\/"},{"@type":"ListItem","position":2,"name":"Esem\u00e9nyek","item":"https:\/\/romanswinedanube.hu\/events\/"},{"@type":"ListItem","position":3,"name":"Ludus Funebris"}]},{"@type":"WebSite","@id":"https:\/\/romanswinedanube.hu\/#website","url":"https:\/\/romanswinedanube.hu\/","name":"Romanswinedanube.hu","description":"Roman Festival P\u00e9cs","publisher":{"@id":"https:\/\/romanswinedanube.hu\/#organization"},"potentialAction":[{"@type":"SearchAction","target":{"@type":"EntryPoint","urlTemplate":"https:\/\/romanswinedanube.hu\/?s={search_term_string}"},"query-input":{"@type":"PropertyValueSpecification","valueRequired":true,"valueName":"search_term_string"}}],"inLanguage":"en-GB"},{"@type":"Organization","@id":"https:\/\/romanswinedanube.hu\/#organization","name":"Roman Festival P\u00e9cs","url":"https:\/\/romanswinedanube.hu\/","logo":{"@type":"ImageObject","inLanguage":"en-GB","@id":"https:\/\/romanswinedanube.hu\/#\/schema\/logo\/image\/","url":"https:\/\/romanswinedanube.hu\/wp-content\/uploads\/2025\/07\/cropped-0_Logo_Route-1.png","contentUrl":"https:\/\/romanswinedanube.hu\/wp-content\/uploads\/2025\/07\/cropped-0_Logo_Route-1.png","width":1121,"height":1271,"caption":"R\u00f3mai Fesztiv\u00e1l P\u00e9cs"},"image":{"@id":"https:\/\/romanswinedanube.hu\/#\/schema\/logo\/image\/"},"sameAs":["https:\/\/www.facebook.com\/romaifesztival"]}]}},"_links":{"self":[{"href":"https:\/\/romanswinedanube.hu\/en\/wp-json\/wp\/v2\/tribe_events\/20492","targetHints":{"allow":["GET"]}}],"collection":[{"href":"https:\/\/romanswinedanube.hu\/en\/wp-json\/wp\/v2\/tribe_events"}],"about":[{"href":"https:\/\/romanswinedanube.hu\/en\/wp-json\/wp\/v2\/types\/tribe_events"}],"author":[{"embeddable":true,"href":"https:\/\/romanswinedanube.hu\/en\/wp-json\/wp\/v2\/users\/2"}],"replies":[{"embeddable":true,"href":"https:\/\/romanswinedanube.hu\/en\/wp-json\/wp\/v2\/comments?post=20492"}],"version-history":[{"count":0,"href":"https:\/\/romanswinedanube.hu\/en\/wp-json\/wp\/v2\/tribe_events\/20492\/revisions"}],"wp:featuredmedia":[{"embeddable":true,"href":"https:\/\/romanswinedanube.hu\/en\/wp-json\/wp\/v2\/media\/21039"}],"wp:attachment":[{"href":"https:\/\/romanswinedanube.hu\/en\/wp-json\/wp\/v2\/media?parent=20492"}],"wp:term":[{"taxonomy":"post_tag","embeddable":true,"href":"https:\/\/romanswinedanube.hu\/en\/wp-json\/wp\/v2\/tags?post=20492"},{"taxonomy":"tribe_events_cat","embeddable":true,"href":"https:\/\/romanswinedanube.hu\/en\/wp-json\/wp\/v2\/tribe_events_cat?post=20492"}],"curies":[{"name":"wp","href":"https:\/\/api.w.org\/{rel}","templated":true}]}}