{"id":20507,"date":"2025-07-22T11:48:32","date_gmt":"2025-07-22T11:48:32","guid":{"rendered":"https:\/\/romanswinedanube.hu\/?post_type=tribe_events&#038;p=20507"},"modified":"2025-08-30T09:17:39","modified_gmt":"2025-08-30T09:17:39","slug":"borfogyaszto-romaiak-regeszeti-es-gasztronomiai-kalandozasok","status":"publish","type":"tribe_events","link":"https:\/\/romanswinedanube.hu\/en\/event\/borfogyaszto-romaiak-regeszeti-es-gasztronomiai-kalandozasok\/","title":{"rendered":"VENUE CHANGE!!!! Wine-drinking Romans - archaeological and gastronomic adventures"},"content":{"rendered":"<div>\n<p><span class=\"trx_addons_accent\"><small><em>Free programme with registration<\/em><\/small><\/span><\/p>\n<p><span class=\"trx_addons_accent\">Wine-drinking Romans - Archaeological and gastronomic adventures in the world of Roman wine culture<\/span><\/p>\n<\/div>\n<div>\n<p>What do we know about Roman winemakers and winery architecture? How and from what was wine made, transported and stored in the Roman Empire? What was the role of wine at the banquets of the educated Roman elite and how did wine culture inspire the table-talk, the architecture and the decoration of the banqueting rooms of luxurious villas?  These are some of the fascinating questions we will explore in a lecture by archaeologist Zsolt Mr\u00e1v.<\/p>\n<div><span class=\"trx_addons_accent\">History in a bottle.<\/span><\/div>\n<div>\n<div dir=\"auto\">\n<p><span class=\"trx_addons_accent\">What was the wine that was drunk in ancient times like? The answer is in your glass.<\/span><\/p>\n<p>Istv\u00e1n Ipacs Szab\u00f3, winemaker, has long been interested in the history of wine, and in this spirit the\u00a0<em>Timeless<\/em>, whose fourth edition is now making its debut in P\u00e9cs. On his estate in the Vill\u00e1ny wine-growing region, he explores the depths of the Vill\u00e1ny Franc and makes wine between heaven and earth with an eternal spirit of experimentation.<\/p>\n<\/div>\n<\/div>\n<\/div>\n<p>moderated by Oliv\u00e9r G\u00e1bor - archaeologist<\/p>\n<p>&nbsp;<\/p>","protected":false},"excerpt":{"rendered":"<p>Borfogyaszt\u00f3 r\u00f3maiak &#8211; R\u00e9g\u00e9szeti \u00e9s gasztron\u00f3miai kalandoz\u00e1sok a r\u00f3mai borkult\u00fara vil\u00e1g\u00e1ban.<br \/>\nFree programme with registration.<\/p>","protected":false},"author":2,"featured_media":20951,"comment_status":"open","ping_status":"closed","template":"","meta":{"_tribe_events_status":"","_tribe_events_status_reason":"","footnotes":""},"tags":[8,11],"tribe_events_cat":[213,196],"class_list":["post-20507","tribe_events","type-tribe_events","status-publish","has-post-thumbnail","hentry","tag-muzeum","tag-szakmai","tribe_events_cat-osszes-esemeny","tribe_events_cat-szakmai-program","cat_osszes-esemeny","cat_szakmai-program"],"yoast_head":"<!-- This site is optimized with the Yoast SEO Premium plugin v25.4 (Yoast SEO v25.6) - https:\/\/yoast.com\/wordpress\/plugins\/seo\/ -->\n<title>HELYSZ\u00cdNV\u00c1LTOZ\u00c1S!!! Borfogyaszt\u00f3 R\u00f3maiak- r\u00e9g\u00e9szeti \u00e9s gasztron\u00f3miai kalandoz\u00e1sok - Romanswinedanube.hu<\/title>\n<meta name=\"robots\" content=\"index, follow, max-snippet:-1, max-image-preview:large, max-video-preview:-1\" \/>\n<link rel=\"canonical\" href=\"https:\/\/romanswinedanube.hu\/en\/event\/borfogyaszto-romaiak-regeszeti-es-gasztronomiai-kalandozasok\/\" \/>\n<meta property=\"og:locale\" content=\"en_GB\" \/>\n<meta property=\"og:type\" content=\"article\" \/>\n<meta property=\"og:title\" content=\"HELYSZ\u00cdNV\u00c1LTOZ\u00c1S!!! Borfogyaszt\u00f3 R\u00f3maiak- r\u00e9g\u00e9szeti \u00e9s gasztron\u00f3miai kalandoz\u00e1sok\" \/>\n<meta property=\"og:description\" content=\"Borfogyaszt\u00f3 r\u00f3maiak - R\u00e9g\u00e9szeti \u00e9s gasztron\u00f3miai kalandoz\u00e1sok a r\u00f3mai borkult\u00fara vil\u00e1g\u00e1ban. Regisztr\u00e1ci\u00f3hoz k\u00f6t\u00f6tt ingyenes program.\" \/>\n<meta property=\"og:url\" content=\"https:\/\/romanswinedanube.hu\/en\/event\/borfogyaszto-romaiak-regeszeti-es-gasztronomiai-kalandozasok\/\" \/>\n<meta property=\"og:site_name\" content=\"Romanswinedanube.hu\" \/>\n<meta property=\"article:publisher\" content=\"https:\/\/www.facebook.com\/romaifesztival\" \/>\n<meta property=\"article:modified_time\" content=\"2025-08-30T09:17:39+00:00\" \/>\n<meta property=\"og:image\" content=\"https:\/\/romanswinedanube.hu\/wp-content\/uploads\/2025\/07\/3_amfora_am00_2_2.jpg\" \/>\n\t<meta property=\"og:image:width\" content=\"332\" \/>\n\t<meta property=\"og:image:height\" content=\"346\" \/>\n\t<meta property=\"og:image:type\" content=\"image\/jpeg\" \/>\n<meta name=\"twitter:card\" content=\"summary_large_image\" \/>\n<meta name=\"twitter:label1\" content=\"Estimated reading time\" \/>\n\t<meta name=\"twitter:data1\" content=\"1 minute\" \/>\n<script type=\"application\/ld+json\" class=\"yoast-schema-graph\">{\"@context\":\"https:\/\/schema.org\",\"@graph\":[{\"@type\":\"WebPage\",\"@id\":\"https:\/\/romanswinedanube.hu\/event\/borfogyaszto-romaiak-regeszeti-es-gasztronomiai-kalandozasok\/\",\"url\":\"https:\/\/romanswinedanube.hu\/event\/borfogyaszto-romaiak-regeszeti-es-gasztronomiai-kalandozasok\/\",\"name\":\"HELYSZ\u00cdNV\u00c1LTOZ\u00c1S!!! Borfogyaszt\u00f3 R\u00f3maiak- r\u00e9g\u00e9szeti \u00e9s gasztron\u00f3miai kalandoz\u00e1sok - Romanswinedanube.hu\",\"isPartOf\":{\"@id\":\"https:\/\/romanswinedanube.hu\/#website\"},\"primaryImageOfPage\":{\"@id\":\"https:\/\/romanswinedanube.hu\/event\/borfogyaszto-romaiak-regeszeti-es-gasztronomiai-kalandozasok\/#primaryimage\"},\"image\":{\"@id\":\"https:\/\/romanswinedanube.hu\/event\/borfogyaszto-romaiak-regeszeti-es-gasztronomiai-kalandozasok\/#primaryimage\"},\"thumbnailUrl\":\"https:\/\/romanswinedanube.hu\/wp-content\/uploads\/2025\/07\/3_amfora_am00_2_2.jpg\",\"datePublished\":\"2025-07-22T11:48:32+00:00\",\"dateModified\":\"2025-08-30T09:17:39+00:00\",\"breadcrumb\":{\"@id\":\"https:\/\/romanswinedanube.hu\/event\/borfogyaszto-romaiak-regeszeti-es-gasztronomiai-kalandozasok\/#breadcrumb\"},\"inLanguage\":\"en-GB\",\"potentialAction\":[{\"@type\":\"ReadAction\",\"target\":[\"https:\/\/romanswinedanube.hu\/event\/borfogyaszto-romaiak-regeszeti-es-gasztronomiai-kalandozasok\/\"]}]},{\"@type\":\"ImageObject\",\"inLanguage\":\"en-GB\",\"@id\":\"https:\/\/romanswinedanube.hu\/event\/borfogyaszto-romaiak-regeszeti-es-gasztronomiai-kalandozasok\/#primaryimage\",\"url\":\"https:\/\/romanswinedanube.hu\/wp-content\/uploads\/2025\/07\/3_amfora_am00_2_2.jpg\",\"contentUrl\":\"https:\/\/romanswinedanube.hu\/wp-content\/uploads\/2025\/07\/3_amfora_am00_2_2.jpg\",\"width\":332,\"height\":346,\"caption\":\"dabasi andras-kardos judit\"},{\"@type\":\"BreadcrumbList\",\"@id\":\"https:\/\/romanswinedanube.hu\/event\/borfogyaszto-romaiak-regeszeti-es-gasztronomiai-kalandozasok\/#breadcrumb\",\"itemListElement\":[{\"@type\":\"ListItem\",\"position\":1,\"name\":\"Kezd\u0151lap\",\"item\":\"https:\/\/romanswinedanube.hu\/\"},{\"@type\":\"ListItem\",\"position\":2,\"name\":\"Esem\u00e9nyek\",\"item\":\"https:\/\/romanswinedanube.hu\/events\/\"},{\"@type\":\"ListItem\",\"position\":3,\"name\":\"HELYSZ\u00cdNV\u00c1LTOZ\u00c1S!!! Borfogyaszt\u00f3 R\u00f3maiak- r\u00e9g\u00e9szeti \u00e9s gasztron\u00f3miai kalandoz\u00e1sok\"}]},{\"@type\":\"WebSite\",\"@id\":\"https:\/\/romanswinedanube.hu\/#website\",\"url\":\"https:\/\/romanswinedanube.hu\/\",\"name\":\"Romanswinedanube.hu\",\"description\":\"R\u00f3mai fesztiv\u00e1l P\u00e9cs\",\"publisher\":{\"@id\":\"https:\/\/romanswinedanube.hu\/#organization\"},\"potentialAction\":[{\"@type\":\"SearchAction\",\"target\":{\"@type\":\"EntryPoint\",\"urlTemplate\":\"https:\/\/romanswinedanube.hu\/?s={search_term_string}\"},\"query-input\":{\"@type\":\"PropertyValueSpecification\",\"valueRequired\":true,\"valueName\":\"search_term_string\"}}],\"inLanguage\":\"en-GB\"},{\"@type\":\"Organization\",\"@id\":\"https:\/\/romanswinedanube.hu\/#organization\",\"name\":\"R\u00f3mai Fesztiv\u00e1l P\u00e9cs\",\"url\":\"https:\/\/romanswinedanube.hu\/\",\"logo\":{\"@type\":\"ImageObject\",\"inLanguage\":\"en-GB\",\"@id\":\"https:\/\/romanswinedanube.hu\/#\/schema\/logo\/image\/\",\"url\":\"https:\/\/romanswinedanube.hu\/wp-content\/uploads\/2025\/07\/cropped-0_Logo_Route-1.png\",\"contentUrl\":\"https:\/\/romanswinedanube.hu\/wp-content\/uploads\/2025\/07\/cropped-0_Logo_Route-1.png\",\"width\":1121,\"height\":1271,\"caption\":\"R\u00f3mai Fesztiv\u00e1l P\u00e9cs\"},\"image\":{\"@id\":\"https:\/\/romanswinedanube.hu\/#\/schema\/logo\/image\/\"},\"sameAs\":[\"https:\/\/www.facebook.com\/romaifesztival\"]}]}<\/script>\n<!-- \/ Yoast SEO Premium plugin. -->","yoast_head_json":{"title":"HELYSZ\u00cdNV\u00c1LTOZ\u00c1S!!! Borfogyaszt\u00f3 R\u00f3maiak- r\u00e9g\u00e9szeti \u00e9s gasztron\u00f3miai kalandoz\u00e1sok - Romanswinedanube.hu","robots":{"index":"index","follow":"follow","max-snippet":"max-snippet:-1","max-image-preview":"max-image-preview:large","max-video-preview":"max-video-preview:-1"},"canonical":"https:\/\/romanswinedanube.hu\/en\/event\/borfogyaszto-romaiak-regeszeti-es-gasztronomiai-kalandozasok\/","og_locale":"en_GB","og_type":"article","og_title":"HELYSZ\u00cdNV\u00c1LTOZ\u00c1S!!! Borfogyaszt\u00f3 R\u00f3maiak- r\u00e9g\u00e9szeti \u00e9s gasztron\u00f3miai kalandoz\u00e1sok","og_description":"Borfogyaszt\u00f3 r\u00f3maiak - R\u00e9g\u00e9szeti \u00e9s gasztron\u00f3miai kalandoz\u00e1sok a r\u00f3mai borkult\u00fara vil\u00e1g\u00e1ban. Regisztr\u00e1ci\u00f3hoz k\u00f6t\u00f6tt ingyenes program.","og_url":"https:\/\/romanswinedanube.hu\/en\/event\/borfogyaszto-romaiak-regeszeti-es-gasztronomiai-kalandozasok\/","og_site_name":"Romanswinedanube.hu","article_publisher":"https:\/\/www.facebook.com\/romaifesztival","article_modified_time":"2025-08-30T09:17:39+00:00","og_image":[{"width":332,"height":346,"url":"https:\/\/romanswinedanube.hu\/wp-content\/uploads\/2025\/07\/3_amfora_am00_2_2.jpg","type":"image\/jpeg"}],"twitter_card":"summary_large_image","twitter_misc":{"Estimated reading time":"1 minute"},"schema":{"@context":"https:\/\/schema.org","@graph":[{"@type":"WebPage","@id":"https:\/\/romanswinedanube.hu\/event\/borfogyaszto-romaiak-regeszeti-es-gasztronomiai-kalandozasok\/","url":"https:\/\/romanswinedanube.hu\/event\/borfogyaszto-romaiak-regeszeti-es-gasztronomiai-kalandozasok\/","name":"HELYSZ\u00cdNV\u00c1LTOZ\u00c1S!!! Borfogyaszt\u00f3 R\u00f3maiak- r\u00e9g\u00e9szeti \u00e9s gasztron\u00f3miai kalandoz\u00e1sok - Romanswinedanube.hu","isPartOf":{"@id":"https:\/\/romanswinedanube.hu\/#website"},"primaryImageOfPage":{"@id":"https:\/\/romanswinedanube.hu\/event\/borfogyaszto-romaiak-regeszeti-es-gasztronomiai-kalandozasok\/#primaryimage"},"image":{"@id":"https:\/\/romanswinedanube.hu\/event\/borfogyaszto-romaiak-regeszeti-es-gasztronomiai-kalandozasok\/#primaryimage"},"thumbnailUrl":"https:\/\/romanswinedanube.hu\/wp-content\/uploads\/2025\/07\/3_amfora_am00_2_2.jpg","datePublished":"2025-07-22T11:48:32+00:00","dateModified":"2025-08-30T09:17:39+00:00","breadcrumb":{"@id":"https:\/\/romanswinedanube.hu\/event\/borfogyaszto-romaiak-regeszeti-es-gasztronomiai-kalandozasok\/#breadcrumb"},"inLanguage":"en-GB","potentialAction":[{"@type":"ReadAction","target":["https:\/\/romanswinedanube.hu\/event\/borfogyaszto-romaiak-regeszeti-es-gasztronomiai-kalandozasok\/"]}]},{"@type":"ImageObject","inLanguage":"en-GB","@id":"https:\/\/romanswinedanube.hu\/event\/borfogyaszto-romaiak-regeszeti-es-gasztronomiai-kalandozasok\/#primaryimage","url":"https:\/\/romanswinedanube.hu\/wp-content\/uploads\/2025\/07\/3_amfora_am00_2_2.jpg","contentUrl":"https:\/\/romanswinedanube.hu\/wp-content\/uploads\/2025\/07\/3_amfora_am00_2_2.jpg","width":332,"height":346,"caption":"dabasi andras-kardos judit"},{"@type":"BreadcrumbList","@id":"https:\/\/romanswinedanube.hu\/event\/borfogyaszto-romaiak-regeszeti-es-gasztronomiai-kalandozasok\/#breadcrumb","itemListElement":[{"@type":"ListItem","position":1,"name":"Kezd\u0151lap","item":"https:\/\/romanswinedanube.hu\/"},{"@type":"ListItem","position":2,"name":"Esem\u00e9nyek","item":"https:\/\/romanswinedanube.hu\/events\/"},{"@type":"ListItem","position":3,"name":"HELYSZ\u00cdNV\u00c1LTOZ\u00c1S!!! Borfogyaszt\u00f3 R\u00f3maiak- r\u00e9g\u00e9szeti \u00e9s gasztron\u00f3miai kalandoz\u00e1sok"}]},{"@type":"WebSite","@id":"https:\/\/romanswinedanube.hu\/#website","url":"https:\/\/romanswinedanube.hu\/","name":"Romanswinedanube.hu","description":"Roman Festival P\u00e9cs","publisher":{"@id":"https:\/\/romanswinedanube.hu\/#organization"},"potentialAction":[{"@type":"SearchAction","target":{"@type":"EntryPoint","urlTemplate":"https:\/\/romanswinedanube.hu\/?s={search_term_string}"},"query-input":{"@type":"PropertyValueSpecification","valueRequired":true,"valueName":"search_term_string"}}],"inLanguage":"en-GB"},{"@type":"Organization","@id":"https:\/\/romanswinedanube.hu\/#organization","name":"Roman Festival P\u00e9cs","url":"https:\/\/romanswinedanube.hu\/","logo":{"@type":"ImageObject","inLanguage":"en-GB","@id":"https:\/\/romanswinedanube.hu\/#\/schema\/logo\/image\/","url":"https:\/\/romanswinedanube.hu\/wp-content\/uploads\/2025\/07\/cropped-0_Logo_Route-1.png","contentUrl":"https:\/\/romanswinedanube.hu\/wp-content\/uploads\/2025\/07\/cropped-0_Logo_Route-1.png","width":1121,"height":1271,"caption":"R\u00f3mai Fesztiv\u00e1l P\u00e9cs"},"image":{"@id":"https:\/\/romanswinedanube.hu\/#\/schema\/logo\/image\/"},"sameAs":["https:\/\/www.facebook.com\/romaifesztival"]}]}},"_links":{"self":[{"href":"https:\/\/romanswinedanube.hu\/en\/wp-json\/wp\/v2\/tribe_events\/20507","targetHints":{"allow":["GET"]}}],"collection":[{"href":"https:\/\/romanswinedanube.hu\/en\/wp-json\/wp\/v2\/tribe_events"}],"about":[{"href":"https:\/\/romanswinedanube.hu\/en\/wp-json\/wp\/v2\/types\/tribe_events"}],"author":[{"embeddable":true,"href":"https:\/\/romanswinedanube.hu\/en\/wp-json\/wp\/v2\/users\/2"}],"replies":[{"embeddable":true,"href":"https:\/\/romanswinedanube.hu\/en\/wp-json\/wp\/v2\/comments?post=20507"}],"version-history":[{"count":0,"href":"https:\/\/romanswinedanube.hu\/en\/wp-json\/wp\/v2\/tribe_events\/20507\/revisions"}],"wp:featuredmedia":[{"embeddable":true,"href":"https:\/\/romanswinedanube.hu\/en\/wp-json\/wp\/v2\/media\/20951"}],"wp:attachment":[{"href":"https:\/\/romanswinedanube.hu\/en\/wp-json\/wp\/v2\/media?parent=20507"}],"wp:term":[{"taxonomy":"post_tag","embeddable":true,"href":"https:\/\/romanswinedanube.hu\/en\/wp-json\/wp\/v2\/tags?post=20507"},{"taxonomy":"tribe_events_cat","embeddable":true,"href":"https:\/\/romanswinedanube.hu\/en\/wp-json\/wp\/v2\/tribe_events_cat?post=20507"}],"curies":[{"name":"wp","href":"https:\/\/api.w.org\/{rel}","templated":true}]}}