{"id":20522,"date":"2025-07-22T12:02:30","date_gmt":"2025-07-22T12:02:30","guid":{"rendered":"https:\/\/romanswinedanube.hu\/?post_type=tribe_events&#038;p=20522"},"modified":"2025-08-30T09:14:01","modified_gmt":"2025-08-30T09:14:01","slug":"gatherpilar-koncert-sopianae-edition","status":"publish","type":"tribe_events","link":"https:\/\/romanswinedanube.hu\/en\/event\/gatherpilar-koncert-sopianae-edition\/","title":{"rendered":"VENUE CHANGE!!!!  Gatherpilar concert - Sopianae edition"},"content":{"rendered":"<p dir=\"ltr\"><span class=\"trx_addons_accent\">Gatherpilar<\/span><br \/>\nLaunched in 2023, Gatherpilar is an ever-evolving series of musical collaborations where a commitment to jazz meets the momentum of tradition and contemporary music.<br \/>\nDuring the concert, the musicians will work with musical material that has a common basis in variability and the possibility of using a free musical language. It is this freedom that allows different traditions, genres and eras to come together, transcending familiar boundaries to create a new, living musical fabric. The musical world of the areas from Persia to the Balkans has always been at the crossroads of cultures: the Middle East, the heritage of the ancient and medieval empires and the rich traditions of the Byzantine Empire all continue to define this region. The traces of ancient Persian classical culture were present not only in the East, but also in the Byzantine Empire, the most powerful state of early Christianity, which enriched the sound of the region with its own sacred music.<br \/>\nThis multi-layered cultural heritage makes for a particularly exciting parallel with the spirit of jazz. While in the Western world jazz is a genre that is mostly based on improvisation, freedom and pushing the boundaries of style, in Eastern classical music this principle has never disappeared, but has always remained an integral part of the tradition. This creates a natural link between the two worlds: the possibility of co-creation, of living, momentary inspiration and constant renewal.<br \/>\nIn the concert all these influences are present at the same time. Eastern and Western instruments enter into dialogue with each other, and elements of Byzantine sacred singing sometimes appear alongside modern improvisation. The result is a unique musical experience where past and present, East and West, tradition and contemporary creation meet and merge.<br \/>\n<span class=\"trx_addons_accent\">What is Gatherpilar?<\/span><br \/>\nNot just a musician, but an inspiring creative environment where the individual is shaped and highlighted by the community. It gathers, it unites, it oils - and it creates. Project work is based on mutual inspiration, which determines the length and depth of collaborations.<br \/>\n<span class=\"trx_addons_accent\">Members of the formation:<\/span><br \/>\nZsombor Horv\u00e1th - Ud, Violin<br \/>\nP\u00e9ter Baksa - Bass<br \/>\n\u00c1ron Pil\u00e1ri - Drums<br \/>\nMartos Hanga - Vocals<br \/>\nLili Eszter Pil\u00e1ri - Vocal<\/p>","protected":false},"excerpt":{"rendered":"<p>Launched in 2023, Gatherpilar is an ever-evolving series of musical collaborations where a commitment to jazz meets the momentum of tradition and contemporary music.<br \/>\nDuring the concert, the musicians will work with musical material that has a common basis in variability and the possibility of using a free musical language. It is this freedom that allows different traditions, genres and eras to come together, transcending familiar boundaries to create a new, living musical fabric.<br \/>\nThe music of the region from Persia to the Balkans has always been at the crossroads of cultures: the Middle East, the heritage of ancient and medieval empires and the rich traditions of the Byzantine Empire still define the region.<\/p>","protected":false},"author":2,"featured_media":20749,"comment_status":"closed","ping_status":"closed","template":"","meta":{"_tribe_events_status":"","_tribe_events_status_reason":"","footnotes":""},"tags":[162],"tribe_events_cat":[212,213],"class_list":["post-20522","tribe_events","type-tribe_events","status-publish","has-post-thumbnail","hentry","tag-zene","tribe_events_cat-muveszet","tribe_events_cat-osszes-esemeny","cat_muveszet","cat_osszes-esemeny"],"yoast_head":"<!-- This site is optimized with the Yoast SEO Premium plugin v25.4 (Yoast SEO v25.6) - https:\/\/yoast.com\/wordpress\/plugins\/seo\/ -->\n<title>HELYSZ\u00cdNV\u00c1LTOZ\u00c1S!!! Gatherpilar koncert - Sopianae edition - Romanswinedanube.hu<\/title>\n<meta name=\"description\" content=\"A 2023-ban indult Gatherpilar egy folyamatosan fejl\u0151d\u0151 zenei kollabor\u00e1ci\u00f3s sorozat, ahol a jazz ir\u00e1nti elk\u00f6telezetts\u00e9g, a hagyom\u00e1ny\u0151rz\u00e9s \u00e9s a kort\u00e1rs zene lend\u00fclete tal\u00e1lkozik.A koncert sor\u00e1n a zen\u00e9szek olyan zenei anyagokkal dolgoznak, amelyek k\u00f6z\u00f6s alapja a vari\u00e1lhat\u00f3s\u00e1g \u00e9s a szabad zenei nyelvhaszn\u00e1lat lehet\u0151s\u00e9ge. Ez a szabads\u00e1g teszi lehet\u0151v\u00e9, hogy a k\u00fcl\u00f6nb\u00f6z\u0151 hagyom\u00e1nyok, m\u0171fajok \u00e9s korszakok tal\u00e1lkozzanak egym\u00e1ssal, \u00e9s a megszokott kereteket \u00e1tl\u00e9pve \u00faj, \u00e9l\u0151 zenei sz\u00f6vet sz\u00fclessen. A Perzsi\u00e1t\u00f3l a Balk\u00e1nig h\u00faz\u00f3d\u00f3 ter\u00fcletek zenei vil\u00e1ga mindig is a kult\u00far\u00e1k metsz\u00e9spontj\u00e1ban \u00e1llt: a K\u00f6zel-Kelet, az \u00f3kori \u00e9s k\u00f6z\u00e9pkori birodalmak \u00f6r\u00f6ks\u00e9ge, valamint a Biz\u00e1nci Birodalom gazdag hagyom\u00e1nyai mind m\u00e1ig meghat\u00e1rozz\u00e1k ezt a r\u00e9gi\u00f3t.\" \/>\n<meta name=\"robots\" content=\"index, follow, max-snippet:-1, max-image-preview:large, max-video-preview:-1\" \/>\n<link rel=\"canonical\" href=\"https:\/\/romanswinedanube.hu\/en\/event\/gatherpilar-koncert-sopianae-edition\/\" \/>\n<meta property=\"og:locale\" content=\"en_GB\" \/>\n<meta property=\"og:type\" content=\"article\" \/>\n<meta property=\"og:title\" content=\"HELYSZ\u00cdNV\u00c1LTOZ\u00c1S!!! Gatherpilar koncert - Sopianae edition\" \/>\n<meta property=\"og:description\" content=\"A 2023-ban indult Gatherpilar egy folyamatosan fejl\u0151d\u0151 zenei kollabor\u00e1ci\u00f3s sorozat, ahol a jazz ir\u00e1nti elk\u00f6telezetts\u00e9g, a hagyom\u00e1ny\u0151rz\u00e9s \u00e9s a kort\u00e1rs zene lend\u00fclete tal\u00e1lkozik.A koncert sor\u00e1n a zen\u00e9szek olyan zenei anyagokkal dolgoznak, amelyek k\u00f6z\u00f6s alapja a vari\u00e1lhat\u00f3s\u00e1g \u00e9s a szabad zenei nyelvhaszn\u00e1lat lehet\u0151s\u00e9ge. Ez a szabads\u00e1g teszi lehet\u0151v\u00e9, hogy a k\u00fcl\u00f6nb\u00f6z\u0151 hagyom\u00e1nyok, m\u0171fajok \u00e9s korszakok tal\u00e1lkozzanak egym\u00e1ssal, \u00e9s a megszokott kereteket \u00e1tl\u00e9pve \u00faj, \u00e9l\u0151 zenei sz\u00f6vet sz\u00fclessen. A Perzsi\u00e1t\u00f3l a Balk\u00e1nig h\u00faz\u00f3d\u00f3 ter\u00fcletek zenei vil\u00e1ga mindig is a kult\u00far\u00e1k metsz\u00e9spontj\u00e1ban \u00e1llt: a K\u00f6zel-Kelet, az \u00f3kori \u00e9s k\u00f6z\u00e9pkori birodalmak \u00f6r\u00f6ks\u00e9ge, valamint a Biz\u00e1nci Birodalom gazdag hagyom\u00e1nyai mind m\u00e1ig meghat\u00e1rozz\u00e1k ezt a r\u00e9gi\u00f3t.\" \/>\n<meta property=\"og:url\" content=\"https:\/\/romanswinedanube.hu\/en\/event\/gatherpilar-koncert-sopianae-edition\/\" \/>\n<meta property=\"og:site_name\" content=\"Romanswinedanube.hu\" \/>\n<meta property=\"article:publisher\" content=\"https:\/\/www.facebook.com\/romaifesztival\" \/>\n<meta property=\"article:modified_time\" content=\"2025-08-30T09:14:01+00:00\" \/>\n<meta property=\"og:image\" content=\"https:\/\/romanswinedanube.hu\/wp-content\/uploads\/2025\/07\/gatherpilar-e1753451019712.jpg\" \/>\n\t<meta property=\"og:image:width\" content=\"600\" \/>\n\t<meta property=\"og:image:height\" content=\"338\" \/>\n\t<meta property=\"og:image:type\" content=\"image\/jpeg\" \/>\n<meta name=\"twitter:card\" content=\"summary_large_image\" \/>\n<meta name=\"twitter:label1\" content=\"Estimated reading time\" \/>\n\t<meta name=\"twitter:data1\" content=\"2 minutes\" \/>\n<script type=\"application\/ld+json\" class=\"yoast-schema-graph\">{\"@context\":\"https:\/\/schema.org\",\"@graph\":[{\"@type\":\"WebPage\",\"@id\":\"https:\/\/romanswinedanube.hu\/event\/gatherpilar-koncert-sopianae-edition\/\",\"url\":\"https:\/\/romanswinedanube.hu\/event\/gatherpilar-koncert-sopianae-edition\/\",\"name\":\"HELYSZ\u00cdNV\u00c1LTOZ\u00c1S!!! Gatherpilar koncert - Sopianae edition - Romanswinedanube.hu\",\"isPartOf\":{\"@id\":\"https:\/\/romanswinedanube.hu\/#website\"},\"primaryImageOfPage\":{\"@id\":\"https:\/\/romanswinedanube.hu\/event\/gatherpilar-koncert-sopianae-edition\/#primaryimage\"},\"image\":{\"@id\":\"https:\/\/romanswinedanube.hu\/event\/gatherpilar-koncert-sopianae-edition\/#primaryimage\"},\"thumbnailUrl\":\"https:\/\/romanswinedanube.hu\/wp-content\/uploads\/2025\/07\/gatherpilar-e1753451019712.jpg\",\"datePublished\":\"2025-07-22T12:02:30+00:00\",\"dateModified\":\"2025-08-30T09:14:01+00:00\",\"description\":\"A 2023-ban indult Gatherpilar egy folyamatosan fejl\u0151d\u0151 zenei kollabor\u00e1ci\u00f3s sorozat, ahol a jazz ir\u00e1nti elk\u00f6telezetts\u00e9g, a hagyom\u00e1ny\u0151rz\u00e9s \u00e9s a kort\u00e1rs zene lend\u00fclete tal\u00e1lkozik.A koncert sor\u00e1n a zen\u00e9szek olyan zenei anyagokkal dolgoznak, amelyek k\u00f6z\u00f6s alapja a vari\u00e1lhat\u00f3s\u00e1g \u00e9s a szabad zenei nyelvhaszn\u00e1lat lehet\u0151s\u00e9ge. Ez a szabads\u00e1g teszi lehet\u0151v\u00e9, hogy a k\u00fcl\u00f6nb\u00f6z\u0151 hagyom\u00e1nyok, m\u0171fajok \u00e9s korszakok tal\u00e1lkozzanak egym\u00e1ssal, \u00e9s a megszokott kereteket \u00e1tl\u00e9pve \u00faj, \u00e9l\u0151 zenei sz\u00f6vet sz\u00fclessen. A Perzsi\u00e1t\u00f3l a Balk\u00e1nig h\u00faz\u00f3d\u00f3 ter\u00fcletek zenei vil\u00e1ga mindig is a kult\u00far\u00e1k metsz\u00e9spontj\u00e1ban \u00e1llt: a K\u00f6zel-Kelet, az \u00f3kori \u00e9s k\u00f6z\u00e9pkori birodalmak \u00f6r\u00f6ks\u00e9ge, valamint a Biz\u00e1nci Birodalom gazdag hagyom\u00e1nyai mind m\u00e1ig meghat\u00e1rozz\u00e1k ezt a r\u00e9gi\u00f3t.\",\"breadcrumb\":{\"@id\":\"https:\/\/romanswinedanube.hu\/event\/gatherpilar-koncert-sopianae-edition\/#breadcrumb\"},\"inLanguage\":\"en-GB\",\"potentialAction\":[{\"@type\":\"ReadAction\",\"target\":[\"https:\/\/romanswinedanube.hu\/event\/gatherpilar-koncert-sopianae-edition\/\"]}]},{\"@type\":\"ImageObject\",\"inLanguage\":\"en-GB\",\"@id\":\"https:\/\/romanswinedanube.hu\/event\/gatherpilar-koncert-sopianae-edition\/#primaryimage\",\"url\":\"https:\/\/romanswinedanube.hu\/wp-content\/uploads\/2025\/07\/gatherpilar-e1753451019712.jpg\",\"contentUrl\":\"https:\/\/romanswinedanube.hu\/wp-content\/uploads\/2025\/07\/gatherpilar-e1753451019712.jpg\",\"width\":600,\"height\":338},{\"@type\":\"BreadcrumbList\",\"@id\":\"https:\/\/romanswinedanube.hu\/event\/gatherpilar-koncert-sopianae-edition\/#breadcrumb\",\"itemListElement\":[{\"@type\":\"ListItem\",\"position\":1,\"name\":\"Kezd\u0151lap\",\"item\":\"https:\/\/romanswinedanube.hu\/\"},{\"@type\":\"ListItem\",\"position\":2,\"name\":\"Esem\u00e9nyek\",\"item\":\"https:\/\/romanswinedanube.hu\/events\/\"},{\"@type\":\"ListItem\",\"position\":3,\"name\":\"HELYSZ\u00cdNV\u00c1LTOZ\u00c1S!!! Gatherpilar koncert &#8211; Sopianae edition\"}]},{\"@type\":\"WebSite\",\"@id\":\"https:\/\/romanswinedanube.hu\/#website\",\"url\":\"https:\/\/romanswinedanube.hu\/\",\"name\":\"Romanswinedanube.hu\",\"description\":\"R\u00f3mai fesztiv\u00e1l P\u00e9cs\",\"publisher\":{\"@id\":\"https:\/\/romanswinedanube.hu\/#organization\"},\"potentialAction\":[{\"@type\":\"SearchAction\",\"target\":{\"@type\":\"EntryPoint\",\"urlTemplate\":\"https:\/\/romanswinedanube.hu\/?s={search_term_string}\"},\"query-input\":{\"@type\":\"PropertyValueSpecification\",\"valueRequired\":true,\"valueName\":\"search_term_string\"}}],\"inLanguage\":\"en-GB\"},{\"@type\":\"Organization\",\"@id\":\"https:\/\/romanswinedanube.hu\/#organization\",\"name\":\"R\u00f3mai Fesztiv\u00e1l P\u00e9cs\",\"url\":\"https:\/\/romanswinedanube.hu\/\",\"logo\":{\"@type\":\"ImageObject\",\"inLanguage\":\"en-GB\",\"@id\":\"https:\/\/romanswinedanube.hu\/#\/schema\/logo\/image\/\",\"url\":\"https:\/\/romanswinedanube.hu\/wp-content\/uploads\/2025\/07\/cropped-0_Logo_Route-1.png\",\"contentUrl\":\"https:\/\/romanswinedanube.hu\/wp-content\/uploads\/2025\/07\/cropped-0_Logo_Route-1.png\",\"width\":1121,\"height\":1271,\"caption\":\"R\u00f3mai Fesztiv\u00e1l P\u00e9cs\"},\"image\":{\"@id\":\"https:\/\/romanswinedanube.hu\/#\/schema\/logo\/image\/\"},\"sameAs\":[\"https:\/\/www.facebook.com\/romaifesztival\"]}]}<\/script>\n<!-- \/ Yoast SEO Premium plugin. -->","yoast_head_json":{"title":"HELYSZ\u00cdNV\u00c1LTOZ\u00c1S!!! Gatherpilar koncert - Sopianae edition - Romanswinedanube.hu","description":"A 2023-ban indult Gatherpilar egy folyamatosan fejl\u0151d\u0151 zenei kollabor\u00e1ci\u00f3s sorozat, ahol a jazz ir\u00e1nti elk\u00f6telezetts\u00e9g, a hagyom\u00e1ny\u0151rz\u00e9s \u00e9s a kort\u00e1rs zene lend\u00fclete tal\u00e1lkozik.A koncert sor\u00e1n a zen\u00e9szek olyan zenei anyagokkal dolgoznak, amelyek k\u00f6z\u00f6s alapja a vari\u00e1lhat\u00f3s\u00e1g \u00e9s a szabad zenei nyelvhaszn\u00e1lat lehet\u0151s\u00e9ge. Ez a szabads\u00e1g teszi lehet\u0151v\u00e9, hogy a k\u00fcl\u00f6nb\u00f6z\u0151 hagyom\u00e1nyok, m\u0171fajok \u00e9s korszakok tal\u00e1lkozzanak egym\u00e1ssal, \u00e9s a megszokott kereteket \u00e1tl\u00e9pve \u00faj, \u00e9l\u0151 zenei sz\u00f6vet sz\u00fclessen. A Perzsi\u00e1t\u00f3l a Balk\u00e1nig h\u00faz\u00f3d\u00f3 ter\u00fcletek zenei vil\u00e1ga mindig is a kult\u00far\u00e1k metsz\u00e9spontj\u00e1ban \u00e1llt: a K\u00f6zel-Kelet, az \u00f3kori \u00e9s k\u00f6z\u00e9pkori birodalmak \u00f6r\u00f6ks\u00e9ge, valamint a Biz\u00e1nci Birodalom gazdag hagyom\u00e1nyai mind m\u00e1ig meghat\u00e1rozz\u00e1k ezt a r\u00e9gi\u00f3t.","robots":{"index":"index","follow":"follow","max-snippet":"max-snippet:-1","max-image-preview":"max-image-preview:large","max-video-preview":"max-video-preview:-1"},"canonical":"https:\/\/romanswinedanube.hu\/en\/event\/gatherpilar-koncert-sopianae-edition\/","og_locale":"en_GB","og_type":"article","og_title":"HELYSZ\u00cdNV\u00c1LTOZ\u00c1S!!! Gatherpilar koncert - Sopianae edition","og_description":"A 2023-ban indult Gatherpilar egy folyamatosan fejl\u0151d\u0151 zenei kollabor\u00e1ci\u00f3s sorozat, ahol a jazz ir\u00e1nti elk\u00f6telezetts\u00e9g, a hagyom\u00e1ny\u0151rz\u00e9s \u00e9s a kort\u00e1rs zene lend\u00fclete tal\u00e1lkozik.A koncert sor\u00e1n a zen\u00e9szek olyan zenei anyagokkal dolgoznak, amelyek k\u00f6z\u00f6s alapja a vari\u00e1lhat\u00f3s\u00e1g \u00e9s a szabad zenei nyelvhaszn\u00e1lat lehet\u0151s\u00e9ge. Ez a szabads\u00e1g teszi lehet\u0151v\u00e9, hogy a k\u00fcl\u00f6nb\u00f6z\u0151 hagyom\u00e1nyok, m\u0171fajok \u00e9s korszakok tal\u00e1lkozzanak egym\u00e1ssal, \u00e9s a megszokott kereteket \u00e1tl\u00e9pve \u00faj, \u00e9l\u0151 zenei sz\u00f6vet sz\u00fclessen. A Perzsi\u00e1t\u00f3l a Balk\u00e1nig h\u00faz\u00f3d\u00f3 ter\u00fcletek zenei vil\u00e1ga mindig is a kult\u00far\u00e1k metsz\u00e9spontj\u00e1ban \u00e1llt: a K\u00f6zel-Kelet, az \u00f3kori \u00e9s k\u00f6z\u00e9pkori birodalmak \u00f6r\u00f6ks\u00e9ge, valamint a Biz\u00e1nci Birodalom gazdag hagyom\u00e1nyai mind m\u00e1ig meghat\u00e1rozz\u00e1k ezt a r\u00e9gi\u00f3t.","og_url":"https:\/\/romanswinedanube.hu\/en\/event\/gatherpilar-koncert-sopianae-edition\/","og_site_name":"Romanswinedanube.hu","article_publisher":"https:\/\/www.facebook.com\/romaifesztival","article_modified_time":"2025-08-30T09:14:01+00:00","og_image":[{"width":600,"height":338,"url":"https:\/\/romanswinedanube.hu\/wp-content\/uploads\/2025\/07\/gatherpilar-e1753451019712.jpg","type":"image\/jpeg"}],"twitter_card":"summary_large_image","twitter_misc":{"Estimated reading time":"2 minutes"},"schema":{"@context":"https:\/\/schema.org","@graph":[{"@type":"WebPage","@id":"https:\/\/romanswinedanube.hu\/event\/gatherpilar-koncert-sopianae-edition\/","url":"https:\/\/romanswinedanube.hu\/event\/gatherpilar-koncert-sopianae-edition\/","name":"HELYSZ\u00cdNV\u00c1LTOZ\u00c1S!!! Gatherpilar koncert - Sopianae edition - Romanswinedanube.hu","isPartOf":{"@id":"https:\/\/romanswinedanube.hu\/#website"},"primaryImageOfPage":{"@id":"https:\/\/romanswinedanube.hu\/event\/gatherpilar-koncert-sopianae-edition\/#primaryimage"},"image":{"@id":"https:\/\/romanswinedanube.hu\/event\/gatherpilar-koncert-sopianae-edition\/#primaryimage"},"thumbnailUrl":"https:\/\/romanswinedanube.hu\/wp-content\/uploads\/2025\/07\/gatherpilar-e1753451019712.jpg","datePublished":"2025-07-22T12:02:30+00:00","dateModified":"2025-08-30T09:14:01+00:00","description":"A 2023-ban indult Gatherpilar egy folyamatosan fejl\u0151d\u0151 zenei kollabor\u00e1ci\u00f3s sorozat, ahol a jazz ir\u00e1nti elk\u00f6telezetts\u00e9g, a hagyom\u00e1ny\u0151rz\u00e9s \u00e9s a kort\u00e1rs zene lend\u00fclete tal\u00e1lkozik.A koncert sor\u00e1n a zen\u00e9szek olyan zenei anyagokkal dolgoznak, amelyek k\u00f6z\u00f6s alapja a vari\u00e1lhat\u00f3s\u00e1g \u00e9s a szabad zenei nyelvhaszn\u00e1lat lehet\u0151s\u00e9ge. Ez a szabads\u00e1g teszi lehet\u0151v\u00e9, hogy a k\u00fcl\u00f6nb\u00f6z\u0151 hagyom\u00e1nyok, m\u0171fajok \u00e9s korszakok tal\u00e1lkozzanak egym\u00e1ssal, \u00e9s a megszokott kereteket \u00e1tl\u00e9pve \u00faj, \u00e9l\u0151 zenei sz\u00f6vet sz\u00fclessen. A Perzsi\u00e1t\u00f3l a Balk\u00e1nig h\u00faz\u00f3d\u00f3 ter\u00fcletek zenei vil\u00e1ga mindig is a kult\u00far\u00e1k metsz\u00e9spontj\u00e1ban \u00e1llt: a K\u00f6zel-Kelet, az \u00f3kori \u00e9s k\u00f6z\u00e9pkori birodalmak \u00f6r\u00f6ks\u00e9ge, valamint a Biz\u00e1nci Birodalom gazdag hagyom\u00e1nyai mind m\u00e1ig meghat\u00e1rozz\u00e1k ezt a r\u00e9gi\u00f3t.","breadcrumb":{"@id":"https:\/\/romanswinedanube.hu\/event\/gatherpilar-koncert-sopianae-edition\/#breadcrumb"},"inLanguage":"en-GB","potentialAction":[{"@type":"ReadAction","target":["https:\/\/romanswinedanube.hu\/event\/gatherpilar-koncert-sopianae-edition\/"]}]},{"@type":"ImageObject","inLanguage":"en-GB","@id":"https:\/\/romanswinedanube.hu\/event\/gatherpilar-koncert-sopianae-edition\/#primaryimage","url":"https:\/\/romanswinedanube.hu\/wp-content\/uploads\/2025\/07\/gatherpilar-e1753451019712.jpg","contentUrl":"https:\/\/romanswinedanube.hu\/wp-content\/uploads\/2025\/07\/gatherpilar-e1753451019712.jpg","width":600,"height":338},{"@type":"BreadcrumbList","@id":"https:\/\/romanswinedanube.hu\/event\/gatherpilar-koncert-sopianae-edition\/#breadcrumb","itemListElement":[{"@type":"ListItem","position":1,"name":"Kezd\u0151lap","item":"https:\/\/romanswinedanube.hu\/"},{"@type":"ListItem","position":2,"name":"Esem\u00e9nyek","item":"https:\/\/romanswinedanube.hu\/events\/"},{"@type":"ListItem","position":3,"name":"HELYSZ\u00cdNV\u00c1LTOZ\u00c1S!!! Gatherpilar koncert &#8211; Sopianae edition"}]},{"@type":"WebSite","@id":"https:\/\/romanswinedanube.hu\/#website","url":"https:\/\/romanswinedanube.hu\/","name":"Romanswinedanube.hu","description":"Roman Festival P\u00e9cs","publisher":{"@id":"https:\/\/romanswinedanube.hu\/#organization"},"potentialAction":[{"@type":"SearchAction","target":{"@type":"EntryPoint","urlTemplate":"https:\/\/romanswinedanube.hu\/?s={search_term_string}"},"query-input":{"@type":"PropertyValueSpecification","valueRequired":true,"valueName":"search_term_string"}}],"inLanguage":"en-GB"},{"@type":"Organization","@id":"https:\/\/romanswinedanube.hu\/#organization","name":"Roman Festival P\u00e9cs","url":"https:\/\/romanswinedanube.hu\/","logo":{"@type":"ImageObject","inLanguage":"en-GB","@id":"https:\/\/romanswinedanube.hu\/#\/schema\/logo\/image\/","url":"https:\/\/romanswinedanube.hu\/wp-content\/uploads\/2025\/07\/cropped-0_Logo_Route-1.png","contentUrl":"https:\/\/romanswinedanube.hu\/wp-content\/uploads\/2025\/07\/cropped-0_Logo_Route-1.png","width":1121,"height":1271,"caption":"R\u00f3mai Fesztiv\u00e1l P\u00e9cs"},"image":{"@id":"https:\/\/romanswinedanube.hu\/#\/schema\/logo\/image\/"},"sameAs":["https:\/\/www.facebook.com\/romaifesztival"]}]}},"_links":{"self":[{"href":"https:\/\/romanswinedanube.hu\/en\/wp-json\/wp\/v2\/tribe_events\/20522","targetHints":{"allow":["GET"]}}],"collection":[{"href":"https:\/\/romanswinedanube.hu\/en\/wp-json\/wp\/v2\/tribe_events"}],"about":[{"href":"https:\/\/romanswinedanube.hu\/en\/wp-json\/wp\/v2\/types\/tribe_events"}],"author":[{"embeddable":true,"href":"https:\/\/romanswinedanube.hu\/en\/wp-json\/wp\/v2\/users\/2"}],"replies":[{"embeddable":true,"href":"https:\/\/romanswinedanube.hu\/en\/wp-json\/wp\/v2\/comments?post=20522"}],"version-history":[{"count":0,"href":"https:\/\/romanswinedanube.hu\/en\/wp-json\/wp\/v2\/tribe_events\/20522\/revisions"}],"wp:featuredmedia":[{"embeddable":true,"href":"https:\/\/romanswinedanube.hu\/en\/wp-json\/wp\/v2\/media\/20749"}],"wp:attachment":[{"href":"https:\/\/romanswinedanube.hu\/en\/wp-json\/wp\/v2\/media?parent=20522"}],"wp:term":[{"taxonomy":"post_tag","embeddable":true,"href":"https:\/\/romanswinedanube.hu\/en\/wp-json\/wp\/v2\/tags?post=20522"},{"taxonomy":"tribe_events_cat","embeddable":true,"href":"https:\/\/romanswinedanube.hu\/en\/wp-json\/wp\/v2\/tribe_events_cat?post=20522"}],"curies":[{"name":"wp","href":"https:\/\/api.w.org\/{rel}","templated":true}]}}